{"id":88920,"date":"2024-03-07T09:38:35","date_gmt":"2024-03-07T08:38:35","guid":{"rendered":"https:\/\/citricosecologicos.eu\/sobre-nosotros\/"},"modified":"2024-03-07T09:38:35","modified_gmt":"2024-03-07T09:38:35","slug":"sobre-nosotros","status":"publish","type":"page","link":"https:\/\/citricosecologicos.eu\/fr\/sobre-nosotros\/","title":{"rendered":"Sobre nosotros"},"content":{"rendered":"\t\t<div data-elementor-type=\"wp-page\" data-elementor-id=\"88920\" class=\"elementor elementor-88920 elementor-86530\" data-elementor-post-type=\"page\">\n\t\t\t\t<div class=\"elementor-element elementor-element-d939bd5 e-flex e-con-boxed e-con e-parent\" data-id=\"d939bd5\" data-element_type=\"container\" data-e-type=\"container\">\n\t\t\t\t\t<div class=\"e-con-inner\">\n\t\t<div class=\"elementor-element elementor-element-dce0626 e-con-full e-flex e-con e-child\" data-id=\"dce0626\" data-element_type=\"container\" data-e-type=\"container\">\n\t\t\t\t<div class=\"elementor-element elementor-element-6c5ff2d elementor-widget__width-inherit content-align-left the7-hover-visibility-disabled preserve-img-ratio-cover transform-overlay-yes exceeding-frame-yes elementor-widget elementor-widget-the7-image-widget\" data-id=\"6c5ff2d\" data-element_type=\"widget\" data-e-type=\"widget\" data-settings=\"{&quot;hover_visibility&quot;:&quot;disabled&quot;}\" data-widget_type=\"the7-image-widget.default\">\n\t\t\t\t<div class=\"elementor-widget-container\">\n\t\t\t\t\t<div class=\"the7-image-container\"><div class=\"the7-image-wrapper the7-elementor-widget the7-transform-container\"><div class=\"post-thumbnail-rollover img-css-resize-wrapper\"><img fetchpriority=\"high\" decoding=\"async\" width=\"2560\" height=\"1707\" src=\"https:\/\/citricosecologicos.eu\/wp-content\/uploads\/2024\/08\/Ecol-1296-scaled.jpg\" class=\"attachment-full size-full preload-me aspect\" alt=\"Campo\" srcset=\"https:\/\/citricosecologicos.eu\/wp-content\/uploads\/2024\/08\/Ecol-1296-scaled.jpg 2560w, https:\/\/citricosecologicos.eu\/wp-content\/uploads\/2024\/08\/Ecol-1296-300x200.jpg 300w, https:\/\/citricosecologicos.eu\/wp-content\/uploads\/2024\/08\/Ecol-1296-1024x683.jpg 1024w, https:\/\/citricosecologicos.eu\/wp-content\/uploads\/2024\/08\/Ecol-1296-768x512.jpg 768w, https:\/\/citricosecologicos.eu\/wp-content\/uploads\/2024\/08\/Ecol-1296-1536x1024.jpg 1536w, https:\/\/citricosecologicos.eu\/wp-content\/uploads\/2024\/08\/Ecol-1296-2048x1365.jpg 2048w, https:\/\/citricosecologicos.eu\/wp-content\/uploads\/2024\/08\/Ecol-1296-1000x667.jpg 1000w\" sizes=\"(max-width: 2560px) 100vw, 2560px\" style=\"--ratio: 2560 \/ 1707;\" \/><\/div><\/div><\/div>\t\t\t\t<\/div>\n\t\t\t\t<\/div>\n\t\t\t\t<\/div>\n\t\t<div class=\"elementor-element elementor-element-c73b04e e-con-full e-flex e-con e-child\" data-id=\"c73b04e\" data-element_type=\"container\" data-e-type=\"container\">\n\t\t\t\t<div class=\"elementor-element elementor-element-7a428bc elementor-widget-tablet__width-inherit elementor-widget elementor-widget-the7-heading\" data-id=\"7a428bc\" data-element_type=\"widget\" data-e-type=\"widget\" data-widget_type=\"the7-heading.default\">\n\t\t\t\t<div class=\"elementor-widget-container\">\n\t\t\t\t\t<h2 class=\"the7-heading-title elementor-size-default\">La Finca<\/h2>\t\t\t\t<\/div>\n\t\t\t\t<\/div>\n\t\t\t\t<div class=\"elementor-element elementor-element-ffcc15b elementor-widget-tablet__width-inherit elementor-widget elementor-widget-text-editor\" data-id=\"ffcc15b\" data-element_type=\"widget\" data-e-type=\"widget\" data-widget_type=\"text-editor.default\">\n\t\t\t\t<div class=\"elementor-widget-container\">\n\t\t\t\t\t\t\t\t\t<p>La Mollaneta es una finca de cultivo ecol\u00f3gico situada en el t\u00e9rmino municipal de Elche, muy cerca del mar Mediterr\u00e1neo. Rodeada de un enclave de condiciones inmejorables para el cultivo de c\u00edtricos. Se localiza en la partida de Torrellano Bajo y cuenta con una extensi\u00f3n de 18 hect\u00e1reas de terreno.<\/p><p>Tras 40 a\u00f1os en barbecho, fue puesta en producci\u00f3n en el a\u00f1o 2019 por un ilicitano de tradici\u00f3n agr\u00edcola familiar.<\/p>\t\t\t\t\t\t\t\t<\/div>\n\t\t\t\t<\/div>\n\t\t\t\t<\/div>\n\t\t\t\t\t<\/div>\n\t\t\t\t<\/div>\n\t\t<div class=\"elementor-element elementor-element-b699bb2 e-flex e-con-boxed e-con e-parent\" data-id=\"b699bb2\" data-element_type=\"container\" data-e-type=\"container\">\n\t\t\t\t\t<div class=\"e-con-inner\">\n\t\t<div class=\"elementor-element elementor-element-9f60266 e-con-full e-flex e-con e-child\" data-id=\"9f60266\" data-element_type=\"container\" data-e-type=\"container\">\n\t\t\t\t<div class=\"elementor-element elementor-element-76f3399 elementor-widget-tablet__width-inherit elementor-widget elementor-widget-the7-heading\" data-id=\"76f3399\" data-element_type=\"widget\" data-e-type=\"widget\" data-widget_type=\"the7-heading.default\">\n\t\t\t\t<div class=\"elementor-widget-container\">\n\t\t\t\t\t<h3 class=\"the7-heading-title elementor-size-default\">Una finca ecol\u00f3gica certificada DEMETER de m\u00e1s de 100 a\u00f1os<\/h3>\t\t\t\t<\/div>\n\t\t\t\t<\/div>\n\t\t\t\t<div class=\"elementor-element elementor-element-eb87683 elementor-widget-tablet__width-inherit elementor-widget elementor-widget-text-editor\" data-id=\"eb87683\" data-element_type=\"widget\" data-e-type=\"widget\" data-widget_type=\"text-editor.default\">\n\t\t\t\t<div class=\"elementor-widget-container\">\n\t\t\t\t\t\t\t\t\t<p>Con el af\u00e1n de respetar los usos y costumbres de anta\u00f1o, en su remodelaci\u00f3n se ha respetado el arbolado original situado alrededor de la faeneta ( casa t\u00edpica del campo de Elche) y que abastec\u00eda de alimento y protecci\u00f3n a sus moradores ( pinos, palmeras datileras, algarrobos, olivos, etc).<\/p>\n<p>La finca se autoabastece de energ\u00eda limpia propia. Cuenta con una plantaciones tradicionales de lim\u00f3n, naranja, mandarinas y pomelos de la mejor calidad as\u00ed como con otras de c\u00edtricos gourmets como el kumquat, el caviar c\u00edtrico, la lima, el limaquat, mano de buda, etc, todos ellos con la certificaci\u00f3n biodin\u00e1mica otorgada por DEMETER y ecol\u00f3gica europea por el CAECV.<\/p>\t\t\t\t\t\t\t\t<\/div>\n\t\t\t\t<\/div>\n\t\t\t\t<\/div>\n\t\t<div class=\"elementor-element elementor-element-ce8f96f e-con-full e-flex e-con e-child\" data-id=\"ce8f96f\" data-element_type=\"container\" data-e-type=\"container\">\n\t\t<div class=\"elementor-element elementor-element-359f1e9 e-con-full e-flex e-con e-child\" data-id=\"359f1e9\" data-element_type=\"container\" data-e-type=\"container\">\n\t\t\t\t<div class=\"elementor-element elementor-element-5f06d6d content-align-left the7-hover-visibility-disabled preserve-img-ratio-cover transform-overlay-yes exceeding-frame-yes elementor-widget elementor-widget-the7-image-widget\" data-id=\"5f06d6d\" data-element_type=\"widget\" data-e-type=\"widget\" data-settings=\"{&quot;hover_visibility&quot;:&quot;disabled&quot;}\" data-widget_type=\"the7-image-widget.default\">\n\t\t\t\t<div class=\"elementor-widget-container\">\n\t\t\t\t\t<div class=\"the7-image-container\"><div class=\"the7-image-wrapper the7-elementor-widget the7-transform-container\"><div class=\"post-thumbnail-rollover img-css-resize-wrapper\"><img decoding=\"async\" width=\"2560\" height=\"1707\" src=\"https:\/\/citricosecologicos.eu\/wp-content\/uploads\/2025\/02\/H7A8834-scaled.jpg\" class=\"attachment-full size-full preload-me aspect\" alt=\"Sobre nosotros\" srcset=\"https:\/\/citricosecologicos.eu\/wp-content\/uploads\/2025\/02\/H7A8834-scaled.jpg 2560w, https:\/\/citricosecologicos.eu\/wp-content\/uploads\/2025\/02\/H7A8834-300x200.jpg 300w, https:\/\/citricosecologicos.eu\/wp-content\/uploads\/2025\/02\/H7A8834-1024x683.jpg 1024w, https:\/\/citricosecologicos.eu\/wp-content\/uploads\/2025\/02\/H7A8834-768x512.jpg 768w, https:\/\/citricosecologicos.eu\/wp-content\/uploads\/2025\/02\/H7A8834-1536x1024.jpg 1536w, https:\/\/citricosecologicos.eu\/wp-content\/uploads\/2025\/02\/H7A8834-2048x1365.jpg 2048w, https:\/\/citricosecologicos.eu\/wp-content\/uploads\/2025\/02\/H7A8834-1000x667.jpg 1000w\" sizes=\"(max-width: 2560px) 100vw, 2560px\" style=\"--ratio: 2560 \/ 1707;\" \/><\/div><\/div><\/div>\t\t\t\t<\/div>\n\t\t\t\t<\/div>\n\t\t\t\t<\/div>\n\t\t\t\t<\/div>\n\t\t\t\t\t<\/div>\n\t\t\t\t<\/div>\n\t\t<div class=\"elementor-element elementor-element-e2e509a e-flex e-con-boxed e-con e-parent\" data-id=\"e2e509a\" data-element_type=\"container\" data-e-type=\"container\">\n\t\t\t\t\t<div class=\"e-con-inner\">\n\t\t<div class=\"elementor-element elementor-element-f889712 e-con-full e-flex e-con e-child\" data-id=\"f889712\" data-element_type=\"container\" data-e-type=\"container\">\n\t\t\t\t<div class=\"elementor-element elementor-element-85d2bd3 elementor-widget__width-inherit content-align-left the7-hover-visibility-disabled preserve-img-ratio-cover transform-overlay-yes exceeding-frame-yes elementor-widget elementor-widget-the7-image-widget\" data-id=\"85d2bd3\" data-element_type=\"widget\" data-e-type=\"widget\" data-settings=\"{&quot;hover_visibility&quot;:&quot;disabled&quot;}\" data-widget_type=\"the7-image-widget.default\">\n\t\t\t\t<div class=\"elementor-widget-container\">\n\t\t\t\t\t<div class=\"the7-image-container\"><div class=\"the7-image-wrapper the7-elementor-widget the7-transform-container\"><div class=\"post-thumbnail-rollover img-css-resize-wrapper\"><img decoding=\"async\" width=\"2560\" height=\"1707\" src=\"https:\/\/citricosecologicos.eu\/wp-content\/uploads\/2025\/02\/H7A8860-scaled.jpg\" class=\"attachment-full size-full preload-me aspect\" alt=\"Sobre nosotros\" srcset=\"https:\/\/citricosecologicos.eu\/wp-content\/uploads\/2025\/02\/H7A8860-scaled.jpg 2560w, https:\/\/citricosecologicos.eu\/wp-content\/uploads\/2025\/02\/H7A8860-300x200.jpg 300w, https:\/\/citricosecologicos.eu\/wp-content\/uploads\/2025\/02\/H7A8860-1024x683.jpg 1024w, https:\/\/citricosecologicos.eu\/wp-content\/uploads\/2025\/02\/H7A8860-768x512.jpg 768w, https:\/\/citricosecologicos.eu\/wp-content\/uploads\/2025\/02\/H7A8860-1536x1024.jpg 1536w, https:\/\/citricosecologicos.eu\/wp-content\/uploads\/2025\/02\/H7A8860-2048x1365.jpg 2048w, https:\/\/citricosecologicos.eu\/wp-content\/uploads\/2025\/02\/H7A8860-1000x667.jpg 1000w\" sizes=\"(max-width: 2560px) 100vw, 2560px\" style=\"--ratio: 2560 \/ 1707;\" \/><\/div><\/div><\/div>\t\t\t\t<\/div>\n\t\t\t\t<\/div>\n\t\t\t\t<\/div>\n\t\t<div class=\"elementor-element elementor-element-05f170f e-con-full e-flex e-con e-child\" data-id=\"05f170f\" data-element_type=\"container\" data-e-type=\"container\">\n\t\t\t\t<div class=\"elementor-element elementor-element-969e39b elementor-widget-tablet__width-inherit elementor-widget elementor-widget-the7-heading\" data-id=\"969e39b\" data-element_type=\"widget\" data-e-type=\"widget\" data-widget_type=\"the7-heading.default\">\n\t\t\t\t<div class=\"elementor-widget-container\">\n\t\t\t\t\t<h3 class=\"the7-heading-title elementor-size-default\">Cultivo Ecol\u00f3gico con Coraz\u00f3n Familiar <\/h3>\t\t\t\t<\/div>\n\t\t\t\t<\/div>\n\t\t\t\t<div class=\"elementor-element elementor-element-a584356 elementor-widget-tablet__width-inherit elementor-widget elementor-widget-text-editor\" data-id=\"a584356\" data-element_type=\"widget\" data-e-type=\"widget\" data-widget_type=\"text-editor.default\">\n\t\t\t\t<div class=\"elementor-widget-container\">\n\t\t\t\t\t\t\t\t\t<p data-sourcepos=\"1:1-1:403\">Somos una familia dedicada al cultivo responsable, donde cada fruto refleja el cuidado y el respeto por la tierra.<\/p><p data-sourcepos=\"1:1-1:403\">Nuestro equipo, formado por personas comprometidas y expertas, trabaja con m\u00e9todos ancestrales y t\u00e9cnicas innovadoras para garantizar la m\u00e1xima calidad de nuestros productos.<\/p><p data-sourcepos=\"3:1-3:443\">Nuestros valores se centran en la sostenibilidad, la salud y el sabor aut\u00e9ntico. Creemos en una agricultura que preserva el medio ambiente y ofrece alimentos nutritivos y deliciosos.<\/p><p data-sourcepos=\"3:1-3:443\">Cada c\u00edtrico que cosechamos es el resultado de un trabajo honesto y un profundo amor por nuestra tierra. Te invitamos a descubrir el sabor genuino de nuestros c\u00edtricos, cultivados con el coraz\u00f3n y el alma de una familia que valora la tradici\u00f3n y la excelencia.<\/p>\t\t\t\t\t\t\t\t<\/div>\n\t\t\t\t<\/div>\n\t\t\t\t<div class=\"elementor-element elementor-element-a709501 elementor-widget-divider--view-line elementor-widget elementor-widget-divider\" data-id=\"a709501\" data-element_type=\"widget\" data-e-type=\"widget\" data-widget_type=\"divider.default\">\n\t\t\t\t<div class=\"elementor-widget-container\">\n\t\t\t\t\t\t\t<div class=\"elementor-divider\">\n\t\t\t<span class=\"elementor-divider-separator\">\n\t\t\t\t\t\t<\/span>\n\t\t<\/div>\n\t\t\t\t\t\t<\/div>\n\t\t\t\t<\/div>\n\t\t\t\t<\/div>\n\t\t\t\t\t<\/div>\n\t\t\t\t<\/div>\n\t\t<div class=\"elementor-element elementor-element-eb937f8 e-flex e-con-boxed e-con e-parent\" data-id=\"eb937f8\" data-element_type=\"container\" data-e-type=\"container\">\n\t\t\t\t\t<div class=\"e-con-inner\">\n\t\t<div class=\"elementor-element elementor-element-82c2255 e-con-full e-flex e-con e-child\" data-id=\"82c2255\" data-element_type=\"container\" data-e-type=\"container\">\n\t\t\t\t<div class=\"elementor-element elementor-element-13b02cf elementor-widget-tablet__width-inherit elementor-widget elementor-widget-the7-heading\" data-id=\"13b02cf\" data-element_type=\"widget\" data-e-type=\"widget\" data-widget_type=\"the7-heading.default\">\n\t\t\t\t<div class=\"elementor-widget-container\">\n\t\t\t\t\t<h3 class=\"the7-heading-title elementor-size-default\">Agricultura sostenible certificada<\/h3>\t\t\t\t<\/div>\n\t\t\t\t<\/div>\n\t\t\t\t<div class=\"elementor-element elementor-element-5dec2b9 elementor-widget-tablet__width-inherit elementor-widget elementor-widget-text-editor\" data-id=\"5dec2b9\" data-element_type=\"widget\" data-e-type=\"widget\" data-widget_type=\"text-editor.default\">\n\t\t\t\t<div class=\"elementor-widget-container\">\n\t\t\t\t\t\t\t\t\t<p>Cultivamos el suelo respetando el ciclo de la vida que hay en \u00e9l. Creemos que la salud de nuestros suelos es la base de la vida de nuestro planeta. Por ello nuestra producci\u00f3n es 100% biodin\u00e1mica. La certificaci\u00f3n ecol\u00f3gica m\u00e1s completa que existe.<\/p><p>Todos los productos cultivados en la Mollaneta cuentan con la Certificaci\u00f3n biodin\u00e1mica ortorgada por DEMETER y ecol\u00f3gica europea otorgada por el CAECV.<\/p>\t\t\t\t\t\t\t\t<\/div>\n\t\t\t\t<\/div>\n\t\t\t\t<\/div>\n\t\t<div class=\"elementor-element elementor-element-7ce9186 e-con-full e-flex e-con e-child\" data-id=\"7ce9186\" data-element_type=\"container\" data-e-type=\"container\">\n\t\t<div class=\"elementor-element elementor-element-71e6caa e-con-full e-flex e-con e-child\" data-id=\"71e6caa\" data-element_type=\"container\" data-e-type=\"container\">\n\t\t\t\t<div class=\"elementor-element elementor-element-97298b3 content-align-center the7-hover-visibility-disabled preserve-img-ratio-cover transform-overlay-yes exceeding-frame-yes elementor-widget elementor-widget-the7-image-widget\" data-id=\"97298b3\" data-element_type=\"widget\" data-e-type=\"widget\" data-settings=\"{&quot;hover_visibility&quot;:&quot;disabled&quot;}\" data-widget_type=\"the7-image-widget.default\">\n\t\t\t\t<div class=\"elementor-widget-container\">\n\t\t\t\t\t<div class=\"the7-image-container\"><div class=\"the7-image-wrapper the7-elementor-widget the7-transform-container\"><div class=\"post-thumbnail-rollover img-css-resize-wrapper\"><img loading=\"lazy\" decoding=\"async\" width=\"2560\" height=\"1707\" src=\"https:\/\/citricosecologicos.eu\/wp-content\/uploads\/2025\/02\/H7A8912-scaled.jpg\" class=\"attachment-full size-full preload-me aspect\" alt=\"Naranjo\" srcset=\"https:\/\/citricosecologicos.eu\/wp-content\/uploads\/2025\/02\/H7A8912-scaled.jpg 2560w, https:\/\/citricosecologicos.eu\/wp-content\/uploads\/2025\/02\/H7A8912-300x200.jpg 300w, https:\/\/citricosecologicos.eu\/wp-content\/uploads\/2025\/02\/H7A8912-1024x683.jpg 1024w, https:\/\/citricosecologicos.eu\/wp-content\/uploads\/2025\/02\/H7A8912-768x512.jpg 768w, https:\/\/citricosecologicos.eu\/wp-content\/uploads\/2025\/02\/H7A8912-1536x1024.jpg 1536w, https:\/\/citricosecologicos.eu\/wp-content\/uploads\/2025\/02\/H7A8912-2048x1365.jpg 2048w, https:\/\/citricosecologicos.eu\/wp-content\/uploads\/2025\/02\/H7A8912-1000x667.jpg 1000w\" sizes=\"(max-width: 2560px) 100vw, 2560px\" style=\"--ratio: 2560 \/ 1707;\" \/><\/div><\/div><\/div>\t\t\t\t<\/div>\n\t\t\t\t<\/div>\n\t\t\t\t<\/div>\n\t\t\t\t<\/div>\n\t\t\t\t\t<\/div>\n\t\t\t\t<\/div>\n\t\t<div class=\"elementor-element elementor-element-3c78d2b e-con-full e-flex e-con e-child\" data-id=\"3c78d2b\" data-element_type=\"container\" data-e-type=\"container\">\n\t\t\t\t<div class=\"elementor-element elementor-element-e058152 elementor-widget-divider--view-line elementor-widget elementor-widget-divider\" data-id=\"e058152\" data-element_type=\"widget\" data-e-type=\"widget\" data-widget_type=\"divider.default\">\n\t\t\t\t<div class=\"elementor-widget-container\">\n\t\t\t\t\t\t\t<div class=\"elementor-divider\">\n\t\t\t<span class=\"elementor-divider-separator\">\n\t\t\t\t\t\t<\/span>\n\t\t<\/div>\n\t\t\t\t\t\t<\/div>\n\t\t\t\t<\/div>\n\t\t\t\t<\/div>\n\t\t<div class=\"elementor-element elementor-element-0498360 e-flex e-con-boxed e-con e-parent\" data-id=\"0498360\" data-element_type=\"container\" data-e-type=\"container\">\n\t\t\t\t\t<div class=\"e-con-inner\">\n\t\t\t\t<div class=\"elementor-element elementor-element-601275f elementor-widget elementor-widget-the7-heading\" data-id=\"601275f\" data-element_type=\"widget\" data-e-type=\"widget\" data-widget_type=\"the7-heading.default\">\n\t\t\t\t<div class=\"elementor-widget-container\">\n\t\t\t\t\t<h2 class=\"the7-heading-title elementor-size-default\">Nuestros pilares<\/h2>\t\t\t\t<\/div>\n\t\t\t\t<\/div>\n\t\t<div class=\"elementor-element elementor-element-4ad6640 e-grid e-con-boxed e-con e-child\" data-id=\"4ad6640\" data-element_type=\"container\" data-e-type=\"container\">\n\t\t\t\t\t<div class=\"e-con-inner\">\n\t\t<div class=\"elementor-element elementor-element-e3c98da e-flex e-con-boxed e-con e-child\" data-id=\"e3c98da\" data-element_type=\"container\" data-e-type=\"container\">\n\t\t\t\t\t<div class=\"e-con-inner\">\n\t\t\t\t<div class=\"elementor-element elementor-element-8fdcbf8 elementor-widget elementor-widget-image\" data-id=\"8fdcbf8\" data-element_type=\"widget\" data-e-type=\"widget\" data-widget_type=\"image.default\">\n\t\t\t\t<div class=\"elementor-widget-container\">\n\t\t\t\t\t\t\t\t\t\t\t\t\t\t\t<img loading=\"lazy\" decoding=\"async\" width=\"75\" height=\"89\" src=\"https:\/\/citricosecologicos.eu\/wp-content\/uploads\/2024\/05\/hoja.png\" class=\"attachment-full size-full wp-image-87208\" alt=\"hoja\" \/>\t\t\t\t\t\t\t\t\t\t\t\t\t\t\t<\/div>\n\t\t\t\t<\/div>\n\t\t\t\t<div class=\"elementor-element elementor-element-fa02b3a elementor-widget elementor-widget-the7-heading\" data-id=\"fa02b3a\" data-element_type=\"widget\" data-e-type=\"widget\" data-widget_type=\"the7-heading.default\">\n\t\t\t\t<div class=\"elementor-widget-container\">\n\t\t\t\t\t<h4 class=\"the7-heading-title elementor-size-default\">LA SOSTENIBILIDAD<\/h4>\t\t\t\t<\/div>\n\t\t\t\t<\/div>\n\t\t\t\t<div class=\"elementor-element elementor-element-a7170b0 elementor-widget elementor-widget-text-editor\" data-id=\"a7170b0\" data-element_type=\"widget\" data-e-type=\"widget\" data-widget_type=\"text-editor.default\">\n\t\t\t\t<div class=\"elementor-widget-container\">\n\t\t\t\t\t\t\t\t\t<div class=\"featured-mission__message\">Ayudamos a la sostenibilidad medio ambiental cuidando de la salud del suelo. El suelo no se labra para no destruir la capa de vida que hay en \u00e9l. Creamos coberturas naturales, y ayudamos a la generaci\u00f3n de biodiversidad en los huertos con la suelta de insectos y la plantaci\u00f3n de setos con flores.<\/div>\t\t\t\t\t\t\t\t<\/div>\n\t\t\t\t<\/div>\n\t\t\t\t\t<\/div>\n\t\t\t\t<\/div>\n\t\t<div class=\"elementor-element elementor-element-8524865 e-flex e-con-boxed e-con e-child\" data-id=\"8524865\" data-element_type=\"container\" data-e-type=\"container\">\n\t\t\t\t\t<div class=\"e-con-inner\">\n\t\t\t\t<div class=\"elementor-element elementor-element-6b98c48 elementor-widget elementor-widget-image\" data-id=\"6b98c48\" data-element_type=\"widget\" data-e-type=\"widget\" data-widget_type=\"image.default\">\n\t\t\t\t<div class=\"elementor-widget-container\">\n\t\t\t\t\t\t\t\t\t\t\t\t\t\t\t<img loading=\"lazy\" decoding=\"async\" width=\"75\" height=\"89\" src=\"https:\/\/citricosecologicos.eu\/wp-content\/uploads\/2024\/05\/hoja.png\" class=\"attachment-full size-full wp-image-87208\" alt=\"hoja\" \/>\t\t\t\t\t\t\t\t\t\t\t\t\t\t\t<\/div>\n\t\t\t\t<\/div>\n\t\t\t\t<div class=\"elementor-element elementor-element-1187919 elementor-widget elementor-widget-the7-heading\" data-id=\"1187919\" data-element_type=\"widget\" data-e-type=\"widget\" data-widget_type=\"the7-heading.default\">\n\t\t\t\t<div class=\"elementor-widget-container\">\n\t\t\t\t\t<h4 class=\"the7-heading-title elementor-size-default\">USO DE ENERG\u00cdA LIMPIA<\/h4>\t\t\t\t<\/div>\n\t\t\t\t<\/div>\n\t\t\t\t<div class=\"elementor-element elementor-element-630679c elementor-widget elementor-widget-text-editor\" data-id=\"630679c\" data-element_type=\"widget\" data-e-type=\"widget\" data-widget_type=\"text-editor.default\">\n\t\t\t\t<div class=\"elementor-widget-container\">\n\t\t\t\t\t\t\t\t\t<p>La finca se autoabastece energ\u00e9ticamente a trav\u00e9s de placas fotovolt\u00e1icas flotantes. Hemos conseguido adecuar este sistema energ\u00e9tico a las necesidades de la finca de manera que tanto la explotaci\u00f3n agraria como el d\u00eda a d\u00eda de la vivienda est\u00e1n cubiertas. Las placas est\u00e1n ubicadas sobre un pantal\u00e1n flotante colocado dentro del embalse.<\/p>\t\t\t\t\t\t\t\t<\/div>\n\t\t\t\t<\/div>\n\t\t\t\t\t<\/div>\n\t\t\t\t<\/div>\n\t\t<div class=\"elementor-element elementor-element-bf4956f e-flex e-con-boxed e-con e-child\" data-id=\"bf4956f\" data-element_type=\"container\" data-e-type=\"container\">\n\t\t\t\t\t<div class=\"e-con-inner\">\n\t\t\t\t<div class=\"elementor-element elementor-element-f96b177 elementor-widget elementor-widget-image\" data-id=\"f96b177\" data-element_type=\"widget\" data-e-type=\"widget\" data-widget_type=\"image.default\">\n\t\t\t\t<div class=\"elementor-widget-container\">\n\t\t\t\t\t\t\t\t\t\t\t\t\t\t\t<img loading=\"lazy\" decoding=\"async\" width=\"75\" height=\"89\" src=\"https:\/\/citricosecologicos.eu\/wp-content\/uploads\/2024\/05\/hoja.png\" class=\"attachment-full size-full wp-image-87208\" alt=\"hoja\" \/>\t\t\t\t\t\t\t\t\t\t\t\t\t\t\t<\/div>\n\t\t\t\t<\/div>\n\t\t\t\t<div class=\"elementor-element elementor-element-b85c416 elementor-widget elementor-widget-the7-heading\" data-id=\"b85c416\" data-element_type=\"widget\" data-e-type=\"widget\" data-widget_type=\"the7-heading.default\">\n\t\t\t\t<div class=\"elementor-widget-container\">\n\t\t\t\t\t<h4 class=\"the7-heading-title elementor-size-default\">OPTIMIZACI\u00d3N DEL\nCONSUMO DE AGUA<\/h4>\t\t\t\t<\/div>\n\t\t\t\t<\/div>\n\t\t\t\t<div class=\"elementor-element elementor-element-8537cf6 elementor-widget elementor-widget-text-editor\" data-id=\"8537cf6\" data-element_type=\"widget\" data-e-type=\"widget\" data-widget_type=\"text-editor.default\">\n\t\t\t\t<div class=\"elementor-widget-container\">\n\t\t\t\t\t\t\t\t\t<p>A trav\u00e9s de l\u00edneas de riego elevado y de sistemas de recogidas de agua de lluvia conseguimos optimizar al m\u00e1ximo la cantidad de agua necesaria para el cultivo.<\/p>\t\t\t\t\t\t\t\t<\/div>\n\t\t\t\t<\/div>\n\t\t\t\t\t<\/div>\n\t\t\t\t<\/div>\n\t\t<div class=\"elementor-element elementor-element-13390c3 e-flex e-con-boxed e-con e-child\" data-id=\"13390c3\" data-element_type=\"container\" data-e-type=\"container\">\n\t\t\t\t\t<div class=\"e-con-inner\">\n\t\t\t\t<div class=\"elementor-element elementor-element-3af1b31 elementor-widget elementor-widget-image\" data-id=\"3af1b31\" data-element_type=\"widget\" data-e-type=\"widget\" data-widget_type=\"image.default\">\n\t\t\t\t<div class=\"elementor-widget-container\">\n\t\t\t\t\t\t\t\t\t\t\t\t\t\t\t<img loading=\"lazy\" decoding=\"async\" width=\"75\" height=\"89\" src=\"https:\/\/citricosecologicos.eu\/wp-content\/uploads\/2024\/05\/hoja.png\" class=\"attachment-full size-full wp-image-87208\" alt=\"hoja\" \/>\t\t\t\t\t\t\t\t\t\t\t\t\t\t\t<\/div>\n\t\t\t\t<\/div>\n\t\t\t\t<div class=\"elementor-element elementor-element-0dfe32b elementor-widget elementor-widget-the7-heading\" data-id=\"0dfe32b\" data-element_type=\"widget\" data-e-type=\"widget\" data-widget_type=\"the7-heading.default\">\n\t\t\t\t<div class=\"elementor-widget-container\">\n\t\t\t\t\t<h4 class=\"the7-heading-title elementor-size-default\">CULTIVO ECOL\u00d3GICO BIODIN\u00c1MICO<\/h4>\t\t\t\t<\/div>\n\t\t\t\t<\/div>\n\t\t\t\t<div class=\"elementor-element elementor-element-21d4bfd elementor-widget elementor-widget-text-editor\" data-id=\"21d4bfd\" data-element_type=\"widget\" data-e-type=\"widget\" data-widget_type=\"text-editor.default\">\n\t\t\t\t<div class=\"elementor-widget-container\">\n\t\t\t\t\t\t\t\t\t<p>El reconocimiento a nuestro gran esfuerzo en los modelos de producci\u00f3n naturales que utilizamos nos lo da la CERTIFICACION de cultivo BIODIN\u00c1MICO que nos ha otorgado DEMETER ESPA\u00d1A.\u00a0 Esta certificaci\u00f3n confirma la ausencia de organismos alterados gen\u00e9ticamente y asegura que los alimentos han sido cultivados en la Finca La MOLLANETA con m\u00e9todos\u00a0 de cultivo natural, respetuosos con el medio ambiente y con la salud del suelo y en consecuencia con la nuestra.<\/p>\t\t\t\t\t\t\t\t<\/div>\n\t\t\t\t<\/div>\n\t\t\t\t\t<\/div>\n\t\t\t\t<\/div>\n\t\t\t\t\t<\/div>\n\t\t\t\t<\/div>\n\t\t\t\t\t<\/div>\n\t\t\t\t<\/div>\n\t\t<div class=\"elementor-element elementor-element-8cb9bdc e-con-full e-flex e-con e-child\" data-id=\"8cb9bdc\" data-element_type=\"container\" data-e-type=\"container\">\n\t\t\t\t<div class=\"elementor-element elementor-element-549e888 elementor-widget-divider--view-line elementor-widget elementor-widget-divider\" data-id=\"549e888\" data-element_type=\"widget\" data-e-type=\"widget\" data-widget_type=\"divider.default\">\n\t\t\t\t<div class=\"elementor-widget-container\">\n\t\t\t\t\t\t\t<div class=\"elementor-divider\">\n\t\t\t<span class=\"elementor-divider-separator\">\n\t\t\t\t\t\t<\/span>\n\t\t<\/div>\n\t\t\t\t\t\t<\/div>\n\t\t\t\t<\/div>\n\t\t\t\t<\/div>\n\t\t\t\t<\/div>\n\t\t","protected":false},"excerpt":{"rendered":"<p>La Finca La Mollaneta es una finca de cultivo ecol\u00f3gico situada en el t\u00e9rmino municipal de Elche, muy cerca del mar Mediterr\u00e1neo. Rodeada de un enclave de condiciones inmejorables para el cultivo de c\u00edtricos. Se localiza en la partida de Torrellano Bajo y cuenta con una extensi\u00f3n de 18 hect\u00e1reas de terreno. Tras 40 a\u00f1os&hellip;<\/p>\n","protected":false},"author":1,"featured_media":0,"parent":0,"menu_order":0,"comment_status":"closed","ping_status":"closed","template":"","meta":{"_monsterinsights_skip_tracking":false,"_monsterinsights_sitenote_active":false,"_monsterinsights_sitenote_note":"","_monsterinsights_sitenote_category":0,"_joinchat":[],"footnotes":""},"class_list":["post-88920","page","type-page","status-publish","hentry"],"yoast_head":"<!-- This site is optimized with the Yoast SEO plugin v27.5 - https:\/\/yoast.com\/product\/yoast-seo-wordpress\/ -->\n<title>Sobre nosotros - C\u00edtricos Ecol\u00f3gicos<\/title>\n<meta name=\"robots\" content=\"index, follow, max-snippet:-1, max-image-preview:large, max-video-preview:-1\" \/>\n<link rel=\"canonical\" href=\"https:\/\/citricosecologicos.eu\/fr\/sobre-nosotros\/\" \/>\n<meta property=\"og:locale\" content=\"fr_FR\" \/>\n<meta property=\"og:type\" content=\"article\" \/>\n<meta property=\"og:title\" content=\"Sobre nosotros - C\u00edtricos Ecol\u00f3gicos\" \/>\n<meta property=\"og:description\" content=\"La Finca La Mollaneta es una finca de cultivo ecol\u00f3gico situada en el t\u00e9rmino municipal de Elche, muy cerca del mar Mediterr\u00e1neo. Rodeada de un enclave de condiciones inmejorables para el cultivo de c\u00edtricos. Se localiza en la partida de Torrellano Bajo y cuenta con una extensi\u00f3n de 18 hect\u00e1reas de terreno. Tras 40 a\u00f1os&hellip;\" \/>\n<meta property=\"og:url\" content=\"https:\/\/citricosecologicos.eu\/fr\/sobre-nosotros\/\" \/>\n<meta property=\"og:site_name\" content=\"C\u00edtricos Ecol\u00f3gicos\" \/>\n<meta property=\"article:modified_time\" content=\"2024-03-07T09:38:35+00:00\" \/>\n<meta property=\"og:image\" content=\"https:\/\/citricosecologicos.eu\/wp-content\/uploads\/2024\/05\/hoja.png\" \/>\n<meta name=\"twitter:card\" content=\"summary_large_image\" \/>\n<meta name=\"twitter:label1\" content=\"Dur\u00e9e de lecture estim\u00e9e\" \/>\n\t<meta name=\"twitter:data1\" content=\"3 minutes\" \/>\n<script type=\"application\/ld+json\" class=\"yoast-schema-graph\">{\"@context\":\"https:\\\/\\\/schema.org\",\"@graph\":[{\"@type\":\"WebPage\",\"@id\":\"https:\\\/\\\/citricosecologicos.eu\\\/fr\\\/sobre-nosotros\\\/\",\"url\":\"https:\\\/\\\/citricosecologicos.eu\\\/fr\\\/sobre-nosotros\\\/\",\"name\":\"Sobre nosotros - C\u00edtricos Ecol\u00f3gicos\",\"isPartOf\":{\"@id\":\"https:\\\/\\\/citricosecologicos.eu\\\/#website\"},\"primaryImageOfPage\":{\"@id\":\"https:\\\/\\\/citricosecologicos.eu\\\/fr\\\/sobre-nosotros\\\/#primaryimage\"},\"image\":{\"@id\":\"https:\\\/\\\/citricosecologicos.eu\\\/fr\\\/sobre-nosotros\\\/#primaryimage\"},\"thumbnailUrl\":\"https:\\\/\\\/citricosecologicos.eu\\\/wp-content\\\/uploads\\\/2024\\\/05\\\/hoja.png\",\"datePublished\":\"2024-03-07T08:38:35+00:00\",\"dateModified\":\"2024-03-07T09:38:35+00:00\",\"breadcrumb\":{\"@id\":\"https:\\\/\\\/citricosecologicos.eu\\\/fr\\\/sobre-nosotros\\\/#breadcrumb\"},\"inLanguage\":\"fr-FR\",\"potentialAction\":[{\"@type\":\"ReadAction\",\"target\":[\"https:\\\/\\\/citricosecologicos.eu\\\/fr\\\/sobre-nosotros\\\/\"]}]},{\"@type\":\"ImageObject\",\"inLanguage\":\"fr-FR\",\"@id\":\"https:\\\/\\\/citricosecologicos.eu\\\/fr\\\/sobre-nosotros\\\/#primaryimage\",\"url\":\"https:\\\/\\\/citricosecologicos.eu\\\/wp-content\\\/uploads\\\/2024\\\/05\\\/hoja.png\",\"contentUrl\":\"https:\\\/\\\/citricosecologicos.eu\\\/wp-content\\\/uploads\\\/2024\\\/05\\\/hoja.png\"},{\"@type\":\"BreadcrumbList\",\"@id\":\"https:\\\/\\\/citricosecologicos.eu\\\/fr\\\/sobre-nosotros\\\/#breadcrumb\",\"itemListElement\":[{\"@type\":\"ListItem\",\"position\":1,\"name\":\"Portada\",\"item\":\"https:\\\/\\\/citricosecologicos.eu\\\/\"},{\"@type\":\"ListItem\",\"position\":2,\"name\":\"Sobre nosotros\"}]},{\"@type\":\"WebSite\",\"@id\":\"https:\\\/\\\/citricosecologicos.eu\\\/#website\",\"url\":\"https:\\\/\\\/citricosecologicos.eu\\\/\",\"name\":\"C\u00edtricos Ecol\u00f3gicos\",\"description\":\"\",\"publisher\":{\"@id\":\"https:\\\/\\\/citricosecologicos.eu\\\/#organization\"},\"potentialAction\":[{\"@type\":\"SearchAction\",\"target\":{\"@type\":\"EntryPoint\",\"urlTemplate\":\"https:\\\/\\\/citricosecologicos.eu\\\/?s={search_term_string}\"},\"query-input\":{\"@type\":\"PropertyValueSpecification\",\"valueRequired\":true,\"valueName\":\"search_term_string\"}}],\"inLanguage\":\"fr-FR\"},{\"@type\":\"Organization\",\"@id\":\"https:\\\/\\\/citricosecologicos.eu\\\/#organization\",\"name\":\"C\u00edtricos Ecol\u00f3gicos\",\"url\":\"https:\\\/\\\/citricosecologicos.eu\\\/\",\"logo\":{\"@type\":\"ImageObject\",\"inLanguage\":\"fr-FR\",\"@id\":\"https:\\\/\\\/citricosecologicos.eu\\\/#\\\/schema\\\/logo\\\/image\\\/\",\"url\":\"https:\\\/\\\/citricosecologicos.eu\\\/wp-content\\\/uploads\\\/2024\\\/05\\\/Mollaneta-logo-white.png\",\"contentUrl\":\"https:\\\/\\\/citricosecologicos.eu\\\/wp-content\\\/uploads\\\/2024\\\/05\\\/Mollaneta-logo-white.png\",\"width\":1571,\"height\":334,\"caption\":\"C\u00edtricos Ecol\u00f3gicos\"},\"image\":{\"@id\":\"https:\\\/\\\/citricosecologicos.eu\\\/#\\\/schema\\\/logo\\\/image\\\/\"}}]}<\/script>\n<!-- \/ Yoast SEO plugin. -->","yoast_head_json":{"title":"Sobre nosotros - C\u00edtricos Ecol\u00f3gicos","robots":{"index":"index","follow":"follow","max-snippet":"max-snippet:-1","max-image-preview":"max-image-preview:large","max-video-preview":"max-video-preview:-1"},"canonical":"https:\/\/citricosecologicos.eu\/fr\/sobre-nosotros\/","og_locale":"fr_FR","og_type":"article","og_title":"Sobre nosotros - C\u00edtricos Ecol\u00f3gicos","og_description":"La Finca La Mollaneta es una finca de cultivo ecol\u00f3gico situada en el t\u00e9rmino municipal de Elche, muy cerca del mar Mediterr\u00e1neo. Rodeada de un enclave de condiciones inmejorables para el cultivo de c\u00edtricos. Se localiza en la partida de Torrellano Bajo y cuenta con una extensi\u00f3n de 18 hect\u00e1reas de terreno. Tras 40 a\u00f1os&hellip;","og_url":"https:\/\/citricosecologicos.eu\/fr\/sobre-nosotros\/","og_site_name":"C\u00edtricos Ecol\u00f3gicos","article_modified_time":"2024-03-07T09:38:35+00:00","og_image":[{"url":"https:\/\/citricosecologicos.eu\/wp-content\/uploads\/2024\/05\/hoja.png","type":"","width":"","height":""}],"twitter_card":"summary_large_image","twitter_misc":{"Dur\u00e9e de lecture estim\u00e9e":"3 minutes"},"schema":{"@context":"https:\/\/schema.org","@graph":[{"@type":"WebPage","@id":"https:\/\/citricosecologicos.eu\/fr\/sobre-nosotros\/","url":"https:\/\/citricosecologicos.eu\/fr\/sobre-nosotros\/","name":"Sobre nosotros - C\u00edtricos Ecol\u00f3gicos","isPartOf":{"@id":"https:\/\/citricosecologicos.eu\/#website"},"primaryImageOfPage":{"@id":"https:\/\/citricosecologicos.eu\/fr\/sobre-nosotros\/#primaryimage"},"image":{"@id":"https:\/\/citricosecologicos.eu\/fr\/sobre-nosotros\/#primaryimage"},"thumbnailUrl":"https:\/\/citricosecologicos.eu\/wp-content\/uploads\/2024\/05\/hoja.png","datePublished":"2024-03-07T08:38:35+00:00","dateModified":"2024-03-07T09:38:35+00:00","breadcrumb":{"@id":"https:\/\/citricosecologicos.eu\/fr\/sobre-nosotros\/#breadcrumb"},"inLanguage":"fr-FR","potentialAction":[{"@type":"ReadAction","target":["https:\/\/citricosecologicos.eu\/fr\/sobre-nosotros\/"]}]},{"@type":"ImageObject","inLanguage":"fr-FR","@id":"https:\/\/citricosecologicos.eu\/fr\/sobre-nosotros\/#primaryimage","url":"https:\/\/citricosecologicos.eu\/wp-content\/uploads\/2024\/05\/hoja.png","contentUrl":"https:\/\/citricosecologicos.eu\/wp-content\/uploads\/2024\/05\/hoja.png"},{"@type":"BreadcrumbList","@id":"https:\/\/citricosecologicos.eu\/fr\/sobre-nosotros\/#breadcrumb","itemListElement":[{"@type":"ListItem","position":1,"name":"Portada","item":"https:\/\/citricosecologicos.eu\/"},{"@type":"ListItem","position":2,"name":"Sobre nosotros"}]},{"@type":"WebSite","@id":"https:\/\/citricosecologicos.eu\/#website","url":"https:\/\/citricosecologicos.eu\/","name":"C\u00edtricos Ecol\u00f3gicos","description":"","publisher":{"@id":"https:\/\/citricosecologicos.eu\/#organization"},"potentialAction":[{"@type":"SearchAction","target":{"@type":"EntryPoint","urlTemplate":"https:\/\/citricosecologicos.eu\/?s={search_term_string}"},"query-input":{"@type":"PropertyValueSpecification","valueRequired":true,"valueName":"search_term_string"}}],"inLanguage":"fr-FR"},{"@type":"Organization","@id":"https:\/\/citricosecologicos.eu\/#organization","name":"C\u00edtricos Ecol\u00f3gicos","url":"https:\/\/citricosecologicos.eu\/","logo":{"@type":"ImageObject","inLanguage":"fr-FR","@id":"https:\/\/citricosecologicos.eu\/#\/schema\/logo\/image\/","url":"https:\/\/citricosecologicos.eu\/wp-content\/uploads\/2024\/05\/Mollaneta-logo-white.png","contentUrl":"https:\/\/citricosecologicos.eu\/wp-content\/uploads\/2024\/05\/Mollaneta-logo-white.png","width":1571,"height":334,"caption":"C\u00edtricos Ecol\u00f3gicos"},"image":{"@id":"https:\/\/citricosecologicos.eu\/#\/schema\/logo\/image\/"}}]}},"_links":{"self":[{"href":"https:\/\/citricosecologicos.eu\/fr\/wp-json\/wp\/v2\/pages\/88920","targetHints":{"allow":["GET"]}}],"collection":[{"href":"https:\/\/citricosecologicos.eu\/fr\/wp-json\/wp\/v2\/pages"}],"about":[{"href":"https:\/\/citricosecologicos.eu\/fr\/wp-json\/wp\/v2\/types\/page"}],"author":[{"embeddable":true,"href":"https:\/\/citricosecologicos.eu\/fr\/wp-json\/wp\/v2\/users\/1"}],"replies":[{"embeddable":true,"href":"https:\/\/citricosecologicos.eu\/fr\/wp-json\/wp\/v2\/comments?post=88920"}],"version-history":[{"count":0,"href":"https:\/\/citricosecologicos.eu\/fr\/wp-json\/wp\/v2\/pages\/88920\/revisions"}],"wp:attachment":[{"href":"https:\/\/citricosecologicos.eu\/fr\/wp-json\/wp\/v2\/media?parent=88920"}],"curies":[{"name":"wp","href":"https:\/\/api.w.org\/{rel}","templated":true}]}}