{"id":89189,"date":"2024-07-25T12:31:41","date_gmt":"2024-07-25T10:31:41","guid":{"rendered":"https:\/\/citricosecologicos.eu\/caviar-citrico-ecologico-550-gr\/"},"modified":"2025-11-19T17:36:50","modified_gmt":"2025-11-19T16:36:50","slug":"caviar-citrico-ecologico-550-gr","status":"publish","type":"product","link":"https:\/\/citricosecologicos.eu\/en\/caviar-citrico-ecologico-550-gr\/","title":{"rendered":"Caviar C\u00edtrico ECOL\u00d3GICO 550 gr"},"content":{"rendered":"<ul>\n<li><strong>Caviar c\u00edtrico ECOL\u00d3GICO tambi\u00e9n<\/strong>\u00a0conocido como <strong>Finger Lime<\/strong>\u00a0<strong>directo del agriculto<\/strong>r. Del \u00e1rbol a tu casa en 24h-48h\u00a0 <strong>sin almacenes\/ c\u00e1maras ni intermediarios.<\/strong><\/li>\n<\/ul>\n<p>&nbsp;<\/p>\n<ul>\n<li>Puedes seleccionar cajas de<strong> 360 gr, 550 gr y 1 Kg. <\/strong>Si desea comprar a granel cont\u00e1ctenos y le enviaremos precio.<\/li>\n<\/ul>\n<p>&nbsp;<\/p>\n<ul>\n<li>Cultivado en<strong> Elche<\/strong> (Comunidad Valenciana) frente al mar Mediterr\u00e1neo cuna del cultivo de c\u00edtricos desde anta\u00f1o.<\/li>\n<\/ul>\n<p>&nbsp;<\/p>\n<ul>\n<li>Tenemos <strong>cosecha<\/strong> de caviar <strong>de JULIO a NOVIEMBRE<\/strong>\u00a0aproximadamente.<\/li>\n<\/ul>\n<p>&nbsp;<\/p>\n<ul>\n<li><strong>Cortamos<\/strong> y enviamos <strong>sobre pedido<\/strong>. <strong>No almacenamos producto<\/strong>. Nuestros almac\u00e9n es el \u00e1rbol.<\/li>\n<\/ul>\n<p>&nbsp;<\/p>\n<ul>\n<li>Los cortes y env\u00edos los hacemos los <strong>LUNES<\/strong> y los<strong> MARTES.<\/strong> <strong>Su pedido se anotar\u00e1 para el d\u00eda de env\u00edo siguiente<\/strong>. Esto es, si usted realiza el pedido un viernes la fruta se cortar\u00e1 y enviar\u00e1 el lunes. La entrega se realiza en 24-48h desde el d\u00eda de corte. Pagamos al transportista <strong>env\u00edos<\/strong> en<strong> 24-48h.<\/strong><\/li>\n<\/ul>\n<p>&nbsp;<\/p>\n<ul>\n<li>Nuestros cultivos tienen las m\u00e1s altas CERTIFICACIONES ALIMENTICIAS.\u00a0 La<strong> certificaci\u00f3n ecol\u00f3gica otorgada por el CAECV<\/strong> ( Comit\u00e9 de Agricultura Ecol\u00f3gica de la Comunidad Valenciana) y la <strong>certificaci\u00f3n de cultivos BIODINAMICOS otorgada por DEMETER<\/strong>, un escal\u00f3n superior dentro de la agricultura ecol\u00f3gica.<\/li>\n<\/ul>\n<p>&nbsp;<\/p>\n<ul>\n<li>Realizamos env\u00edos a Francia, B\u00e9lgica y Alemania. Tanto a particulares como comercios. Nuestros c\u00edtricos ecol\u00f3gicos se cultivan y cosechan de forma tradicional. Plantamos a mano en tierra f\u00e9rtil sin pesticidas ni qu\u00edmicos. Cada fruto madura en el \u00e1rbol con el tiempo, hasta que lo recolectamos cuidadosamente en el punto \u00f3ptimo de maduraci\u00f3n. De esta manera garantizamos un sabor y aroma intensos como el de toda la vida.<\/li>\n<\/ul>\n<p>&nbsp;<\/p>\n<ul>\n<li>Nuestro intenci\u00f3n es hacer llegar hasta tu hogar<strong>\u00a0fruta nacional<\/strong>,\u00a0<strong>cercana,<\/strong>\u00a0<strong>reci\u00e9n cogida<\/strong>,<strong>\u00a0saludable,<\/strong>\u00a0<strong>de calidad<\/strong>\u00a0y\u00a0<strong>respetuosa con el medio ambiente.<\/strong>\u00a0Fruta con el sabor y las propiedades intactos, tal y como la hemos disfrutado siempre.<\/li>\n<\/ul>\n<p>&nbsp;<\/p>\n<ul>\n<li>Adem\u00e1s somos la \u00fanica finca de caviar c\u00edtrico en Espa\u00f1a con la certificaci\u00f3n DEMETER en caviar c\u00edtr\u00edco o finger lime. Somos, por tanto, proveedores de finger lime biodin\u00e1mico.<\/li>\n<\/ul>\n","protected":false},"excerpt":{"rendered":"<div>\n<p>Variedad: CITRUS AUSTRALICE<\/p>\n<div>\n<p>Origen: ELCHE ( ESPA\u00d1A)<\/p>\n<p>Cultivo: ECOLOGICO y BIODIN\u00c1MICO<\/p>\n<p>Disponibilidad: De JULIO a NOVIEMBRE<\/p>\n<\/div>\n<\/div>\n<p>Cortamos y enviamos sobre pedido. No almacenamos producto.<\/p>\n<p>Producto espa\u00f1ol DIRECTO del agricultor.<\/p>\n<p>&nbsp;<\/p>\n","protected":false},"featured_media":88400,"comment_status":"open","ping_status":"closed","template":"","meta":{"_monsterinsights_skip_tracking":false,"_monsterinsights_sitenote_active":false,"_monsterinsights_sitenote_note":"","_monsterinsights_sitenote_category":0,"_joinchat":[]},"product_brand":[],"product_cat":[527],"product_tag":[528,529,530,531],"class_list":{"0":"post-89189","1":"product","2":"type-product","3":"status-publish","4":"has-post-thumbnail","6":"product_cat-citricos-ecologicos-gourmet-en","7":"product_tag-agricuturaecologica-en","8":"product_tag-caviarcitrico-en","9":"product_tag-caviarcitricoecologico-en","10":"product_tag-citricosecologicos-en","11":"description-off","13":"first","14":"outofstock","15":"taxable","16":"shipping-taxable","17":"purchasable","18":"product-type-simple"},"yoast_head":"<!-- This site is optimized with the Yoast SEO plugin v27.5 - https:\/\/yoast.com\/product\/yoast-seo-wordpress\/ -->\n<title>Caviar C\u00edtrico ECOL\u00d3GICO 550 gr - C\u00edtricos Ecol\u00f3gicos<\/title>\n<meta name=\"description\" content=\"Caviar c\u00edtrico ECOL\u00d3GICO tambi\u00e9n conocido como Finger Lime DIRECTO del AGRICULTOR. Cortamos y enviamos sobre pedido. Del \u00e1rbol a tu casa en 24h-48h.\" \/>\n<meta name=\"robots\" content=\"index, follow, max-snippet:-1, max-image-preview:large, max-video-preview:-1\" \/>\n<link rel=\"canonical\" href=\"https:\/\/citricosecologicos.eu\/en\/caviar-citrico-ecologico-550-gr\/\" \/>\n<meta property=\"og:locale\" content=\"en_US\" \/>\n<meta property=\"og:type\" content=\"article\" \/>\n<meta property=\"og:title\" content=\"Caviar C\u00edtrico ECOL\u00d3GICO 550 gr - C\u00edtricos Ecol\u00f3gicos\" \/>\n<meta property=\"og:description\" content=\"Caviar c\u00edtrico ECOL\u00d3GICO tambi\u00e9n conocido como Finger Lime DIRECTO del AGRICULTOR. Cortamos y enviamos sobre pedido. Del \u00e1rbol a tu casa en 24h-48h.\" \/>\n<meta property=\"og:url\" content=\"https:\/\/citricosecologicos.eu\/en\/caviar-citrico-ecologico-550-gr\/\" \/>\n<meta property=\"og:site_name\" content=\"C\u00edtricos Ecol\u00f3gicos\" \/>\n<meta property=\"article:modified_time\" content=\"2025-11-19T16:36:50+00:00\" \/>\n<meta property=\"og:image\" content=\"https:\/\/citricosecologicos.eu\/wp-content\/uploads\/2024\/07\/19.jpg\" \/>\n\t<meta property=\"og:image:width\" content=\"800\" \/>\n\t<meta property=\"og:image:height\" content=\"800\" \/>\n\t<meta property=\"og:image:type\" content=\"image\/jpeg\" \/>\n<meta name=\"twitter:card\" content=\"summary_large_image\" \/>\n<meta name=\"twitter:label1\" content=\"Est. reading time\" \/>\n\t<meta name=\"twitter:data1\" content=\"2 minutes\" \/>\n<script type=\"application\/ld+json\" class=\"yoast-schema-graph\">{\"@context\":\"https:\\\/\\\/schema.org\",\"@graph\":[{\"@type\":\"WebPage\",\"@id\":\"https:\\\/\\\/citricosecologicos.eu\\\/en\\\/caviar-citrico-ecologico-550-gr\\\/\",\"url\":\"https:\\\/\\\/citricosecologicos.eu\\\/en\\\/caviar-citrico-ecologico-550-gr\\\/\",\"name\":\"Caviar C\u00edtrico ECOL\u00d3GICO 550 gr - C\u00edtricos Ecol\u00f3gicos\",\"isPartOf\":{\"@id\":\"https:\\\/\\\/citricosecologicos.eu\\\/#website\"},\"primaryImageOfPage\":{\"@id\":\"https:\\\/\\\/citricosecologicos.eu\\\/en\\\/caviar-citrico-ecologico-550-gr\\\/#primaryimage\"},\"image\":{\"@id\":\"https:\\\/\\\/citricosecologicos.eu\\\/en\\\/caviar-citrico-ecologico-550-gr\\\/#primaryimage\"},\"thumbnailUrl\":\"https:\\\/\\\/citricosecologicos.eu\\\/wp-content\\\/uploads\\\/2024\\\/07\\\/19.jpg\",\"datePublished\":\"2024-07-25T10:31:41+00:00\",\"dateModified\":\"2025-11-19T16:36:50+00:00\",\"description\":\"Caviar c\u00edtrico ECOL\u00d3GICO tambi\u00e9n conocido como Finger Lime DIRECTO del AGRICULTOR. Cortamos y enviamos sobre pedido. Del \u00e1rbol a tu casa en 24h-48h.\",\"breadcrumb\":{\"@id\":\"https:\\\/\\\/citricosecologicos.eu\\\/en\\\/caviar-citrico-ecologico-550-gr\\\/#breadcrumb\"},\"inLanguage\":\"en-US\",\"potentialAction\":[{\"@type\":\"ReadAction\",\"target\":[\"https:\\\/\\\/citricosecologicos.eu\\\/en\\\/caviar-citrico-ecologico-550-gr\\\/\"]}]},{\"@type\":\"ImageObject\",\"inLanguage\":\"en-US\",\"@id\":\"https:\\\/\\\/citricosecologicos.eu\\\/en\\\/caviar-citrico-ecologico-550-gr\\\/#primaryimage\",\"url\":\"https:\\\/\\\/citricosecologicos.eu\\\/wp-content\\\/uploads\\\/2024\\\/07\\\/19.jpg\",\"contentUrl\":\"https:\\\/\\\/citricosecologicos.eu\\\/wp-content\\\/uploads\\\/2024\\\/07\\\/19.jpg\",\"width\":800,\"height\":800,\"caption\":\"Caviar C\u00edtrico ECOL\u00d3GICO 550 gr\"},{\"@type\":\"BreadcrumbList\",\"@id\":\"https:\\\/\\\/citricosecologicos.eu\\\/en\\\/caviar-citrico-ecologico-550-gr\\\/#breadcrumb\",\"itemListElement\":[{\"@type\":\"ListItem\",\"position\":1,\"name\":\"Portada\",\"item\":\"https:\\\/\\\/citricosecologicos.eu\\\/en\\\/\"},{\"@type\":\"ListItem\",\"position\":2,\"name\":\"Shop\",\"item\":\"https:\\\/\\\/citricosecologicos.eu\\\/en\\\/shop\\\/\"},{\"@type\":\"ListItem\",\"position\":3,\"name\":\"Caviar C\u00edtrico ECOL\u00d3GICO 550 gr\"}]},{\"@type\":\"WebSite\",\"@id\":\"https:\\\/\\\/citricosecologicos.eu\\\/#website\",\"url\":\"https:\\\/\\\/citricosecologicos.eu\\\/\",\"name\":\"C\u00edtricos Ecol\u00f3gicos\",\"description\":\"\",\"publisher\":{\"@id\":\"https:\\\/\\\/citricosecologicos.eu\\\/#organization\"},\"potentialAction\":[{\"@type\":\"SearchAction\",\"target\":{\"@type\":\"EntryPoint\",\"urlTemplate\":\"https:\\\/\\\/citricosecologicos.eu\\\/?s={search_term_string}\"},\"query-input\":{\"@type\":\"PropertyValueSpecification\",\"valueRequired\":true,\"valueName\":\"search_term_string\"}}],\"inLanguage\":\"en-US\"},{\"@type\":\"Organization\",\"@id\":\"https:\\\/\\\/citricosecologicos.eu\\\/#organization\",\"name\":\"C\u00edtricos Ecol\u00f3gicos\",\"url\":\"https:\\\/\\\/citricosecologicos.eu\\\/\",\"logo\":{\"@type\":\"ImageObject\",\"inLanguage\":\"en-US\",\"@id\":\"https:\\\/\\\/citricosecologicos.eu\\\/#\\\/schema\\\/logo\\\/image\\\/\",\"url\":\"https:\\\/\\\/citricosecologicos.eu\\\/wp-content\\\/uploads\\\/2024\\\/05\\\/Mollaneta-logo-white.png\",\"contentUrl\":\"https:\\\/\\\/citricosecologicos.eu\\\/wp-content\\\/uploads\\\/2024\\\/05\\\/Mollaneta-logo-white.png\",\"width\":1571,\"height\":334,\"caption\":\"C\u00edtricos Ecol\u00f3gicos\"},\"image\":{\"@id\":\"https:\\\/\\\/citricosecologicos.eu\\\/#\\\/schema\\\/logo\\\/image\\\/\"}}]}<\/script>\n<!-- \/ Yoast SEO plugin. -->","yoast_head_json":{"title":"Caviar C\u00edtrico ECOL\u00d3GICO 550 gr - C\u00edtricos Ecol\u00f3gicos","description":"Caviar c\u00edtrico ECOL\u00d3GICO tambi\u00e9n conocido como Finger Lime DIRECTO del AGRICULTOR. Cortamos y enviamos sobre pedido. Del \u00e1rbol a tu casa en 24h-48h.","robots":{"index":"index","follow":"follow","max-snippet":"max-snippet:-1","max-image-preview":"max-image-preview:large","max-video-preview":"max-video-preview:-1"},"canonical":"https:\/\/citricosecologicos.eu\/en\/caviar-citrico-ecologico-550-gr\/","og_locale":"en_US","og_type":"article","og_title":"Caviar C\u00edtrico ECOL\u00d3GICO 550 gr - C\u00edtricos Ecol\u00f3gicos","og_description":"Caviar c\u00edtrico ECOL\u00d3GICO tambi\u00e9n conocido como Finger Lime DIRECTO del AGRICULTOR. Cortamos y enviamos sobre pedido. Del \u00e1rbol a tu casa en 24h-48h.","og_url":"https:\/\/citricosecologicos.eu\/en\/caviar-citrico-ecologico-550-gr\/","og_site_name":"C\u00edtricos Ecol\u00f3gicos","article_modified_time":"2025-11-19T16:36:50+00:00","og_image":[{"width":800,"height":800,"url":"https:\/\/citricosecologicos.eu\/wp-content\/uploads\/2024\/07\/19.jpg","type":"image\/jpeg"}],"twitter_card":"summary_large_image","twitter_misc":{"Est. reading time":"2 minutes"},"schema":{"@context":"https:\/\/schema.org","@graph":[{"@type":"WebPage","@id":"https:\/\/citricosecologicos.eu\/en\/caviar-citrico-ecologico-550-gr\/","url":"https:\/\/citricosecologicos.eu\/en\/caviar-citrico-ecologico-550-gr\/","name":"Caviar C\u00edtrico ECOL\u00d3GICO 550 gr - C\u00edtricos Ecol\u00f3gicos","isPartOf":{"@id":"https:\/\/citricosecologicos.eu\/#website"},"primaryImageOfPage":{"@id":"https:\/\/citricosecologicos.eu\/en\/caviar-citrico-ecologico-550-gr\/#primaryimage"},"image":{"@id":"https:\/\/citricosecologicos.eu\/en\/caviar-citrico-ecologico-550-gr\/#primaryimage"},"thumbnailUrl":"https:\/\/citricosecologicos.eu\/wp-content\/uploads\/2024\/07\/19.jpg","datePublished":"2024-07-25T10:31:41+00:00","dateModified":"2025-11-19T16:36:50+00:00","description":"Caviar c\u00edtrico ECOL\u00d3GICO tambi\u00e9n conocido como Finger Lime DIRECTO del AGRICULTOR. Cortamos y enviamos sobre pedido. Del \u00e1rbol a tu casa en 24h-48h.","breadcrumb":{"@id":"https:\/\/citricosecologicos.eu\/en\/caviar-citrico-ecologico-550-gr\/#breadcrumb"},"inLanguage":"en-US","potentialAction":[{"@type":"ReadAction","target":["https:\/\/citricosecologicos.eu\/en\/caviar-citrico-ecologico-550-gr\/"]}]},{"@type":"ImageObject","inLanguage":"en-US","@id":"https:\/\/citricosecologicos.eu\/en\/caviar-citrico-ecologico-550-gr\/#primaryimage","url":"https:\/\/citricosecologicos.eu\/wp-content\/uploads\/2024\/07\/19.jpg","contentUrl":"https:\/\/citricosecologicos.eu\/wp-content\/uploads\/2024\/07\/19.jpg","width":800,"height":800,"caption":"Caviar C\u00edtrico ECOL\u00d3GICO 550 gr"},{"@type":"BreadcrumbList","@id":"https:\/\/citricosecologicos.eu\/en\/caviar-citrico-ecologico-550-gr\/#breadcrumb","itemListElement":[{"@type":"ListItem","position":1,"name":"Portada","item":"https:\/\/citricosecologicos.eu\/en\/"},{"@type":"ListItem","position":2,"name":"Shop","item":"https:\/\/citricosecologicos.eu\/en\/shop\/"},{"@type":"ListItem","position":3,"name":"Caviar C\u00edtrico ECOL\u00d3GICO 550 gr"}]},{"@type":"WebSite","@id":"https:\/\/citricosecologicos.eu\/#website","url":"https:\/\/citricosecologicos.eu\/","name":"C\u00edtricos Ecol\u00f3gicos","description":"","publisher":{"@id":"https:\/\/citricosecologicos.eu\/#organization"},"potentialAction":[{"@type":"SearchAction","target":{"@type":"EntryPoint","urlTemplate":"https:\/\/citricosecologicos.eu\/?s={search_term_string}"},"query-input":{"@type":"PropertyValueSpecification","valueRequired":true,"valueName":"search_term_string"}}],"inLanguage":"en-US"},{"@type":"Organization","@id":"https:\/\/citricosecologicos.eu\/#organization","name":"C\u00edtricos Ecol\u00f3gicos","url":"https:\/\/citricosecologicos.eu\/","logo":{"@type":"ImageObject","inLanguage":"en-US","@id":"https:\/\/citricosecologicos.eu\/#\/schema\/logo\/image\/","url":"https:\/\/citricosecologicos.eu\/wp-content\/uploads\/2024\/05\/Mollaneta-logo-white.png","contentUrl":"https:\/\/citricosecologicos.eu\/wp-content\/uploads\/2024\/05\/Mollaneta-logo-white.png","width":1571,"height":334,"caption":"C\u00edtricos Ecol\u00f3gicos"},"image":{"@id":"https:\/\/citricosecologicos.eu\/#\/schema\/logo\/image\/"}}]}},"_links":{"self":[{"href":"https:\/\/citricosecologicos.eu\/en\/wp-json\/wp\/v2\/product\/89189","targetHints":{"allow":["GET"]}}],"collection":[{"href":"https:\/\/citricosecologicos.eu\/en\/wp-json\/wp\/v2\/product"}],"about":[{"href":"https:\/\/citricosecologicos.eu\/en\/wp-json\/wp\/v2\/types\/product"}],"replies":[{"embeddable":true,"href":"https:\/\/citricosecologicos.eu\/en\/wp-json\/wp\/v2\/comments?post=89189"}],"wp:featuredmedia":[{"embeddable":true,"href":"https:\/\/citricosecologicos.eu\/en\/wp-json\/wp\/v2\/media\/88400"}],"wp:attachment":[{"href":"https:\/\/citricosecologicos.eu\/en\/wp-json\/wp\/v2\/media?parent=89189"}],"wp:term":[{"taxonomy":"product_brand","embeddable":true,"href":"https:\/\/citricosecologicos.eu\/en\/wp-json\/wp\/v2\/product_brand?post=89189"},{"taxonomy":"product_cat","embeddable":true,"href":"https:\/\/citricosecologicos.eu\/en\/wp-json\/wp\/v2\/product_cat?post=89189"},{"taxonomy":"product_tag","embeddable":true,"href":"https:\/\/citricosecologicos.eu\/en\/wp-json\/wp\/v2\/product_tag?post=89189"}],"curies":[{"name":"wp","href":"https:\/\/api.w.org\/{rel}","templated":true}]}}