{"id":88921,"date":"2024-03-07T09:38:35","date_gmt":"2024-03-07T08:38:35","guid":{"rendered":"https:\/\/citricosecologicos.eu\/sobre-nosotros\/"},"modified":"2025-07-14T17:15:18","modified_gmt":"2025-07-14T15:15:18","slug":"ueber-uns","status":"publish","type":"page","link":"https:\/\/citricosecologicos.eu\/de\/ueber-uns\/","title":{"rendered":"\u00dcber Uns"},"content":{"rendered":"\t\t<div data-elementor-type=\"wp-page\" data-elementor-id=\"88921\" class=\"elementor elementor-88921 elementor-86530\" data-elementor-post-type=\"page\">\n\t\t\t\t<div class=\"elementor-element elementor-element-d939bd5 e-flex e-con-boxed e-con e-parent\" data-id=\"d939bd5\" data-element_type=\"container\" data-e-type=\"container\">\n\t\t\t\t\t<div class=\"e-con-inner\">\n\t\t<div class=\"elementor-element elementor-element-dce0626 e-con-full e-flex e-con e-child\" data-id=\"dce0626\" data-element_type=\"container\" data-e-type=\"container\">\n\t\t\t\t<div class=\"elementor-element elementor-element-6c5ff2d elementor-widget__width-inherit content-align-left the7-hover-visibility-disabled preserve-img-ratio-cover transform-overlay-yes exceeding-frame-yes elementor-widget elementor-widget-the7-image-widget\" data-id=\"6c5ff2d\" data-element_type=\"widget\" data-e-type=\"widget\" data-settings=\"{&quot;hover_visibility&quot;:&quot;disabled&quot;}\" data-widget_type=\"the7-image-widget.default\">\n\t\t\t\t<div class=\"elementor-widget-container\">\n\t\t\t\t\t<div class=\"the7-image-container\"><div class=\"the7-image-wrapper the7-elementor-widget the7-transform-container\"><div class=\"post-thumbnail-rollover img-css-resize-wrapper\"><img fetchpriority=\"high\" decoding=\"async\" width=\"2560\" height=\"1707\" src=\"https:\/\/citricosecologicos.eu\/wp-content\/uploads\/2024\/08\/Ecol-1296-scaled.jpg\" class=\"attachment-full size-full preload-me aspect\" alt=\"Campo\" srcset=\"https:\/\/citricosecologicos.eu\/wp-content\/uploads\/2024\/08\/Ecol-1296-scaled.jpg 2560w, https:\/\/citricosecologicos.eu\/wp-content\/uploads\/2024\/08\/Ecol-1296-300x200.jpg 300w, https:\/\/citricosecologicos.eu\/wp-content\/uploads\/2024\/08\/Ecol-1296-1024x683.jpg 1024w, https:\/\/citricosecologicos.eu\/wp-content\/uploads\/2024\/08\/Ecol-1296-768x512.jpg 768w, https:\/\/citricosecologicos.eu\/wp-content\/uploads\/2024\/08\/Ecol-1296-1536x1024.jpg 1536w, https:\/\/citricosecologicos.eu\/wp-content\/uploads\/2024\/08\/Ecol-1296-2048x1365.jpg 2048w, https:\/\/citricosecologicos.eu\/wp-content\/uploads\/2024\/08\/Ecol-1296-1000x667.jpg 1000w\" sizes=\"(max-width: 2560px) 100vw, 2560px\" style=\"--ratio: 2560 \/ 1707;\" \/><\/div><\/div><\/div>\t\t\t\t<\/div>\n\t\t\t\t<\/div>\n\t\t\t\t<\/div>\n\t\t<div class=\"elementor-element elementor-element-c73b04e e-con-full e-flex e-con e-child\" data-id=\"c73b04e\" data-element_type=\"container\" data-e-type=\"container\">\n\t\t\t\t<div class=\"elementor-element elementor-element-7a428bc elementor-widget-tablet__width-inherit elementor-widget elementor-widget-the7-heading\" data-id=\"7a428bc\" data-element_type=\"widget\" data-e-type=\"widget\" data-widget_type=\"the7-heading.default\">\n\t\t\t\t<div class=\"elementor-widget-container\">\n\t\t\t\t\t<h2 class=\"the7-heading-title elementor-size-default\">Die Bauernhof<\/h2>\t\t\t\t<\/div>\n\t\t\t\t<\/div>\n\t\t\t\t<div class=\"elementor-element elementor-element-ffcc15b elementor-widget-tablet__width-inherit elementor-widget elementor-widget-text-editor\" data-id=\"ffcc15b\" data-element_type=\"widget\" data-e-type=\"widget\" data-widget_type=\"text-editor.default\">\n\t\t\t\t<div class=\"elementor-widget-container\">\n\t\t\t\t\t\t\t\t\t<p>La Mollaneta ist ein <b>Bio-Bauernhof<\/b> in Elche (Alicante), sehr nah am Mittelmeer gelegen. Sie ist umgeben von einem Gebiet mit <b>unschlagbaren Bedingungen f\u00fcr den Zitrusanbau<\/b>. Der Hof befindet sich im Bezirk Torrellano Bajo und erstreckt sich \u00fcber <b>18 Hektar<\/b>.<\/p><p>Nach 40 Jahren Brachland wurde er 2019 von einem Einheimischen aus Elche mit einer langen landwirtschaftlichen Familientradition wieder in Produktion genommen.<\/p>\t\t\t\t\t\t\t\t<\/div>\n\t\t\t\t<\/div>\n\t\t\t\t<\/div>\n\t\t\t\t\t<\/div>\n\t\t\t\t<\/div>\n\t\t<div class=\"elementor-element elementor-element-b699bb2 e-flex e-con-boxed e-con e-parent\" data-id=\"b699bb2\" data-element_type=\"container\" data-e-type=\"container\">\n\t\t\t\t\t<div class=\"e-con-inner\">\n\t\t<div class=\"elementor-element elementor-element-9f60266 e-con-full e-flex e-con e-child\" data-id=\"9f60266\" data-element_type=\"container\" data-e-type=\"container\">\n\t\t\t\t<div class=\"elementor-element elementor-element-76f3399 elementor-widget-tablet__width-inherit elementor-widget elementor-widget-the7-heading\" data-id=\"76f3399\" data-element_type=\"widget\" data-e-type=\"widget\" data-widget_type=\"the7-heading.default\">\n\t\t\t\t<div class=\"elementor-widget-container\">\n\t\t\t\t\t<h3 class=\"the7-heading-title elementor-size-default\">Ein \u00fcber 100 Jahre alter Demeter-zertifizierter Bio-Bauernhof<\/h3>\t\t\t\t<\/div>\n\t\t\t\t<\/div>\n\t\t\t\t<div class=\"elementor-element elementor-element-eb87683 elementor-widget-tablet__width-inherit elementor-widget elementor-widget-text-editor\" data-id=\"eb87683\" data-element_type=\"widget\" data-e-type=\"widget\" data-widget_type=\"text-editor.default\">\n\t\t\t\t<div class=\"elementor-widget-container\">\n\t\t\t\t\t\t\t\t\t<p>Um die <b>alten Br\u00e4uche und Traditionen zu respektieren<\/b>, wurden bei der Renovierung des Hofes die urspr\u00fcnglichen B\u00e4ume um die <i>Faeneta<\/i> (ein typisches Landhaus in Elche) sorgf\u00e4ltig erhalten. Diese B\u00e4ume \u2013 darunter <b>Kiefern, Dattelpalmen, Johannisbrotb\u00e4ume und Olivenb\u00e4ume<\/b> \u2013 versorgten einst ihre Bewohner mit Nahrung und Schutz.<\/p><p>Der Hof ist <b>energieautark<\/b> und wird durch seine <b>eigene saubere Energie<\/b> versorgt. Er verf\u00fcgt \u00fcber traditionelle Anpflanzungen von Zitronen, Orangen, Mandarinen und Grapefruits <b>h\u00f6chster Qualit\u00e4t<\/b>, sowie \u00fcber einzigartige <b>Gourmet-Zitrusfr\u00fcchte<\/b>. Dazu geh\u00f6ren <b>Kumquat, Zitronenkaviar, Limette, Limquat und Buddhas Hand<\/b>, die alle die <b>biodynamische Zertifizierung von DEMETER<\/b> und die <b>europ\u00e4ische Bio-Zertifizierung von CAECV<\/b> besitzen.<\/p>\t\t\t\t\t\t\t\t<\/div>\n\t\t\t\t<\/div>\n\t\t\t\t<\/div>\n\t\t<div class=\"elementor-element elementor-element-ce8f96f e-con-full e-flex e-con e-child\" data-id=\"ce8f96f\" data-element_type=\"container\" data-e-type=\"container\">\n\t\t<div class=\"elementor-element elementor-element-359f1e9 e-con-full e-flex e-con e-child\" data-id=\"359f1e9\" data-element_type=\"container\" data-e-type=\"container\">\n\t\t\t\t<div class=\"elementor-element elementor-element-5f06d6d content-align-left the7-hover-visibility-disabled preserve-img-ratio-cover transform-overlay-yes exceeding-frame-yes elementor-widget elementor-widget-the7-image-widget\" data-id=\"5f06d6d\" data-element_type=\"widget\" data-e-type=\"widget\" data-settings=\"{&quot;hover_visibility&quot;:&quot;disabled&quot;}\" data-widget_type=\"the7-image-widget.default\">\n\t\t\t\t<div class=\"elementor-widget-container\">\n\t\t\t\t\t<div class=\"the7-image-container\"><div class=\"the7-image-wrapper the7-elementor-widget the7-transform-container\"><div class=\"post-thumbnail-rollover img-css-resize-wrapper\"><img decoding=\"async\" width=\"2560\" height=\"1707\" src=\"https:\/\/citricosecologicos.eu\/wp-content\/uploads\/2025\/02\/H7A8834-scaled.jpg\" class=\"attachment-full size-full preload-me aspect\" alt=\"Sobre nosotros\" srcset=\"https:\/\/citricosecologicos.eu\/wp-content\/uploads\/2025\/02\/H7A8834-scaled.jpg 2560w, https:\/\/citricosecologicos.eu\/wp-content\/uploads\/2025\/02\/H7A8834-300x200.jpg 300w, https:\/\/citricosecologicos.eu\/wp-content\/uploads\/2025\/02\/H7A8834-1024x683.jpg 1024w, https:\/\/citricosecologicos.eu\/wp-content\/uploads\/2025\/02\/H7A8834-768x512.jpg 768w, https:\/\/citricosecologicos.eu\/wp-content\/uploads\/2025\/02\/H7A8834-1536x1024.jpg 1536w, https:\/\/citricosecologicos.eu\/wp-content\/uploads\/2025\/02\/H7A8834-2048x1365.jpg 2048w, https:\/\/citricosecologicos.eu\/wp-content\/uploads\/2025\/02\/H7A8834-1000x667.jpg 1000w\" sizes=\"(max-width: 2560px) 100vw, 2560px\" style=\"--ratio: 2560 \/ 1707;\" \/><\/div><\/div><\/div>\t\t\t\t<\/div>\n\t\t\t\t<\/div>\n\t\t\t\t<\/div>\n\t\t\t\t<\/div>\n\t\t\t\t\t<\/div>\n\t\t\t\t<\/div>\n\t\t<div class=\"elementor-element elementor-element-e2e509a e-flex e-con-boxed e-con e-parent\" data-id=\"e2e509a\" data-element_type=\"container\" data-e-type=\"container\">\n\t\t\t\t\t<div class=\"e-con-inner\">\n\t\t<div class=\"elementor-element elementor-element-f889712 e-con-full e-flex e-con e-child\" data-id=\"f889712\" data-element_type=\"container\" data-e-type=\"container\">\n\t\t\t\t<div class=\"elementor-element elementor-element-85d2bd3 elementor-widget__width-inherit content-align-left the7-hover-visibility-disabled preserve-img-ratio-cover transform-overlay-yes exceeding-frame-yes elementor-widget elementor-widget-the7-image-widget\" data-id=\"85d2bd3\" data-element_type=\"widget\" data-e-type=\"widget\" data-settings=\"{&quot;hover_visibility&quot;:&quot;disabled&quot;}\" data-widget_type=\"the7-image-widget.default\">\n\t\t\t\t<div class=\"elementor-widget-container\">\n\t\t\t\t\t<div class=\"the7-image-container\"><div class=\"the7-image-wrapper the7-elementor-widget the7-transform-container\"><div class=\"post-thumbnail-rollover img-css-resize-wrapper\"><img decoding=\"async\" width=\"2560\" height=\"1707\" src=\"https:\/\/citricosecologicos.eu\/wp-content\/uploads\/2025\/02\/H7A8860-scaled.jpg\" class=\"attachment-full size-full preload-me aspect\" alt=\"Sobre nosotros\" srcset=\"https:\/\/citricosecologicos.eu\/wp-content\/uploads\/2025\/02\/H7A8860-scaled.jpg 2560w, https:\/\/citricosecologicos.eu\/wp-content\/uploads\/2025\/02\/H7A8860-300x200.jpg 300w, https:\/\/citricosecologicos.eu\/wp-content\/uploads\/2025\/02\/H7A8860-1024x683.jpg 1024w, https:\/\/citricosecologicos.eu\/wp-content\/uploads\/2025\/02\/H7A8860-768x512.jpg 768w, https:\/\/citricosecologicos.eu\/wp-content\/uploads\/2025\/02\/H7A8860-1536x1024.jpg 1536w, https:\/\/citricosecologicos.eu\/wp-content\/uploads\/2025\/02\/H7A8860-2048x1365.jpg 2048w, https:\/\/citricosecologicos.eu\/wp-content\/uploads\/2025\/02\/H7A8860-1000x667.jpg 1000w\" sizes=\"(max-width: 2560px) 100vw, 2560px\" style=\"--ratio: 2560 \/ 1707;\" \/><\/div><\/div><\/div>\t\t\t\t<\/div>\n\t\t\t\t<\/div>\n\t\t\t\t<\/div>\n\t\t<div class=\"elementor-element elementor-element-05f170f e-con-full e-flex e-con e-child\" data-id=\"05f170f\" data-element_type=\"container\" data-e-type=\"container\">\n\t\t\t\t<div class=\"elementor-element elementor-element-969e39b elementor-widget-tablet__width-inherit elementor-widget elementor-widget-the7-heading\" data-id=\"969e39b\" data-element_type=\"widget\" data-e-type=\"widget\" data-widget_type=\"the7-heading.default\">\n\t\t\t\t<div class=\"elementor-widget-container\">\n\t\t\t\t\t<h3 class=\"the7-heading-title elementor-size-default\">Biologischer Anbau mit Familienherz<\/h3>\t\t\t\t<\/div>\n\t\t\t\t<\/div>\n\t\t\t\t<div class=\"elementor-element elementor-element-a584356 elementor-widget-tablet__width-inherit elementor-widget elementor-widget-text-editor\" data-id=\"a584356\" data-element_type=\"widget\" data-e-type=\"widget\" data-widget_type=\"text-editor.default\">\n\t\t\t\t<div class=\"elementor-widget-container\">\n\t\t\t\t\t\t\t\t\t<p>Wir sind eine Familie, die sich dem <b>verantwortungsvollen Anbau<\/b> widmet, wobei jede Frucht unsere F\u00fcrsorge und unseren Respekt f\u00fcr das Land widerspiegelt.<\/p><p>Unser Team, bestehend aus <b>engagierten und erfahrenen Personen<\/b>, arbeitet sowohl mit <b>alten Methoden als auch mit innovativen Techniken<\/b>, um die h\u00f6chste Qualit\u00e4t unserer Produkte zu garantieren.<\/p><p>Unsere Werte konzentrieren sich auf <b>Nachhaltigkeit, Gesundheit und authentischen Geschmack<\/b>. Wir glauben an eine Landwirtschaft, die die Umwelt sch\u00fctzt und nahrhafte, k\u00f6stliche Lebensmittel bietet.<\/p><p>Jede Zitrusfrucht, die wir ernten, ist das Ergebnis ehrlicher Arbeit und tiefer Liebe zu unserem Land. Wir laden Sie ein, den <b>echten Geschmack unserer Zitrusfr\u00fcchte<\/b> zu entdecken, die mit dem Herz und der Seele einer Familie angebaut werden, die Tradition und Exzellenz sch\u00e4tzt.<\/p>\t\t\t\t\t\t\t\t<\/div>\n\t\t\t\t<\/div>\n\t\t\t\t<div class=\"elementor-element elementor-element-a709501 elementor-widget-divider--view-line elementor-widget elementor-widget-divider\" data-id=\"a709501\" data-element_type=\"widget\" data-e-type=\"widget\" data-widget_type=\"divider.default\">\n\t\t\t\t<div class=\"elementor-widget-container\">\n\t\t\t\t\t\t\t<div class=\"elementor-divider\">\n\t\t\t<span class=\"elementor-divider-separator\">\n\t\t\t\t\t\t<\/span>\n\t\t<\/div>\n\t\t\t\t\t\t<\/div>\n\t\t\t\t<\/div>\n\t\t\t\t<\/div>\n\t\t\t\t\t<\/div>\n\t\t\t\t<\/div>\n\t\t<div class=\"elementor-element elementor-element-eb937f8 e-flex e-con-boxed e-con e-parent\" data-id=\"eb937f8\" data-element_type=\"container\" data-e-type=\"container\">\n\t\t\t\t\t<div class=\"e-con-inner\">\n\t\t<div class=\"elementor-element elementor-element-82c2255 e-con-full e-flex e-con e-child\" data-id=\"82c2255\" data-element_type=\"container\" data-e-type=\"container\">\n\t\t\t\t<div class=\"elementor-element elementor-element-13b02cf elementor-widget-tablet__width-inherit elementor-widget elementor-widget-the7-heading\" data-id=\"13b02cf\" data-element_type=\"widget\" data-e-type=\"widget\" data-widget_type=\"the7-heading.default\">\n\t\t\t\t<div class=\"elementor-widget-container\">\n\t\t\t\t\t<h3 class=\"the7-heading-title elementor-size-default\">Zertifizierte Nachhaltige Landwirtschaft<\/h3>\t\t\t\t<\/div>\n\t\t\t\t<\/div>\n\t\t\t\t<div class=\"elementor-element elementor-element-5dec2b9 elementor-widget-tablet__width-inherit elementor-widget elementor-widget-text-editor\" data-id=\"5dec2b9\" data-element_type=\"widget\" data-e-type=\"widget\" data-widget_type=\"text-editor.default\">\n\t\t\t\t<div class=\"elementor-widget-container\">\n\t\t\t\t\t\t\t\t\t<p>Wir kultivieren den Boden, indem wir den <b>Lebenszyklus in ihm respektieren<\/b>. Wir glauben, dass die Gesundheit unserer B\u00f6den die Grundlage des Lebens auf unserem Planeten ist. Deshalb ist unsere Produktion <b>zu 100 % biodynamisch<\/b>, was die <b>umfassendste verf\u00fcgbare Bio-Zertifizierung<\/b> darstellt.<\/p><p>Alle auf La Mollaneta angebauten Produkte verf\u00fcgen \u00fcber die <b>biodynamische Zertifizierung von DEMETER<\/b> und die <b>europ\u00e4ische Bio-Zertifizierung von CAECV<\/b>.<\/p>\t\t\t\t\t\t\t\t<\/div>\n\t\t\t\t<\/div>\n\t\t\t\t<\/div>\n\t\t<div class=\"elementor-element elementor-element-7ce9186 e-con-full e-flex e-con e-child\" data-id=\"7ce9186\" data-element_type=\"container\" data-e-type=\"container\">\n\t\t<div class=\"elementor-element elementor-element-71e6caa e-con-full e-flex e-con e-child\" data-id=\"71e6caa\" data-element_type=\"container\" data-e-type=\"container\">\n\t\t\t\t<div class=\"elementor-element elementor-element-97298b3 content-align-center the7-hover-visibility-disabled preserve-img-ratio-cover transform-overlay-yes exceeding-frame-yes elementor-widget elementor-widget-the7-image-widget\" data-id=\"97298b3\" data-element_type=\"widget\" data-e-type=\"widget\" data-settings=\"{&quot;hover_visibility&quot;:&quot;disabled&quot;}\" data-widget_type=\"the7-image-widget.default\">\n\t\t\t\t<div class=\"elementor-widget-container\">\n\t\t\t\t\t<div class=\"the7-image-container\"><div class=\"the7-image-wrapper the7-elementor-widget the7-transform-container\"><div class=\"post-thumbnail-rollover img-css-resize-wrapper\"><img loading=\"lazy\" decoding=\"async\" width=\"2560\" height=\"1707\" src=\"https:\/\/citricosecologicos.eu\/wp-content\/uploads\/2025\/02\/H7A8912-scaled.jpg\" class=\"attachment-full size-full preload-me aspect\" alt=\"Naranjo\" srcset=\"https:\/\/citricosecologicos.eu\/wp-content\/uploads\/2025\/02\/H7A8912-scaled.jpg 2560w, https:\/\/citricosecologicos.eu\/wp-content\/uploads\/2025\/02\/H7A8912-300x200.jpg 300w, https:\/\/citricosecologicos.eu\/wp-content\/uploads\/2025\/02\/H7A8912-1024x683.jpg 1024w, https:\/\/citricosecologicos.eu\/wp-content\/uploads\/2025\/02\/H7A8912-768x512.jpg 768w, https:\/\/citricosecologicos.eu\/wp-content\/uploads\/2025\/02\/H7A8912-1536x1024.jpg 1536w, https:\/\/citricosecologicos.eu\/wp-content\/uploads\/2025\/02\/H7A8912-2048x1365.jpg 2048w, https:\/\/citricosecologicos.eu\/wp-content\/uploads\/2025\/02\/H7A8912-1000x667.jpg 1000w\" sizes=\"(max-width: 2560px) 100vw, 2560px\" style=\"--ratio: 2560 \/ 1707;\" \/><\/div><\/div><\/div>\t\t\t\t<\/div>\n\t\t\t\t<\/div>\n\t\t\t\t<\/div>\n\t\t\t\t<\/div>\n\t\t\t\t\t<\/div>\n\t\t\t\t<\/div>\n\t\t<div class=\"elementor-element elementor-element-3c78d2b e-con-full e-flex e-con e-child\" data-id=\"3c78d2b\" data-element_type=\"container\" data-e-type=\"container\">\n\t\t\t\t<div class=\"elementor-element elementor-element-e058152 elementor-widget-divider--view-line elementor-widget elementor-widget-divider\" data-id=\"e058152\" data-element_type=\"widget\" data-e-type=\"widget\" data-widget_type=\"divider.default\">\n\t\t\t\t<div class=\"elementor-widget-container\">\n\t\t\t\t\t\t\t<div class=\"elementor-divider\">\n\t\t\t<span class=\"elementor-divider-separator\">\n\t\t\t\t\t\t<\/span>\n\t\t<\/div>\n\t\t\t\t\t\t<\/div>\n\t\t\t\t<\/div>\n\t\t\t\t<\/div>\n\t\t<div class=\"elementor-element elementor-element-0498360 e-flex e-con-boxed e-con e-parent\" data-id=\"0498360\" data-element_type=\"container\" data-e-type=\"container\">\n\t\t\t\t\t<div class=\"e-con-inner\">\n\t\t\t\t<div class=\"elementor-element elementor-element-601275f elementor-widget elementor-widget-the7-heading\" data-id=\"601275f\" data-element_type=\"widget\" data-e-type=\"widget\" data-widget_type=\"the7-heading.default\">\n\t\t\t\t<div class=\"elementor-widget-container\">\n\t\t\t\t\t<h2 class=\"the7-heading-title elementor-size-default\">Unsere Leitwerte<\/h2>\t\t\t\t<\/div>\n\t\t\t\t<\/div>\n\t\t<div class=\"elementor-element elementor-element-4ad6640 e-grid e-con-boxed e-con e-child\" data-id=\"4ad6640\" data-element_type=\"container\" data-e-type=\"container\">\n\t\t\t\t\t<div class=\"e-con-inner\">\n\t\t<div class=\"elementor-element elementor-element-e3c98da e-flex e-con-boxed e-con e-child\" data-id=\"e3c98da\" data-element_type=\"container\" data-e-type=\"container\">\n\t\t\t\t\t<div class=\"e-con-inner\">\n\t\t\t\t<div class=\"elementor-element elementor-element-8fdcbf8 elementor-widget elementor-widget-image\" data-id=\"8fdcbf8\" data-element_type=\"widget\" data-e-type=\"widget\" data-widget_type=\"image.default\">\n\t\t\t\t<div class=\"elementor-widget-container\">\n\t\t\t\t\t\t\t\t\t\t\t\t\t\t\t<img loading=\"lazy\" decoding=\"async\" width=\"75\" height=\"89\" src=\"https:\/\/citricosecologicos.eu\/wp-content\/uploads\/2024\/05\/hoja.png\" class=\"attachment-full size-full wp-image-87209\" alt=\"hoja\" \/>\t\t\t\t\t\t\t\t\t\t\t\t\t\t\t<\/div>\n\t\t\t\t<\/div>\n\t\t\t\t<div class=\"elementor-element elementor-element-fa02b3a elementor-widget elementor-widget-the7-heading\" data-id=\"fa02b3a\" data-element_type=\"widget\" data-e-type=\"widget\" data-widget_type=\"the7-heading.default\">\n\t\t\t\t<div class=\"elementor-widget-container\">\n\t\t\t\t\t<h4 class=\"the7-heading-title elementor-size-default\">Nachhaltigkeit<\/h4>\t\t\t\t<\/div>\n\t\t\t\t<\/div>\n\t\t\t\t<div class=\"elementor-element elementor-element-a7170b0 elementor-widget elementor-widget-text-editor\" data-id=\"a7170b0\" data-element_type=\"widget\" data-e-type=\"widget\" data-widget_type=\"text-editor.default\">\n\t\t\t\t<div class=\"elementor-widget-container\">\n\t\t\t\t\t\t\t\t\t<p>Wir tragen zur <b>\u00f6kologischen Nachhaltigkeit<\/b> bei, indem wir die Bodengesundheit pflegen. Wir <b>pfl\u00fcgen den Boden nicht<\/b>, um die wichtige Lebenschicht in ihm nicht zu zerst\u00f6ren. Wir schaffen <b>nat\u00fcrliche Bodenbedeckungen<\/b> und f\u00f6rdern die <b>Biodiversit\u00e4t<\/b> in unseren Hainen durch das Aussetzen n\u00fctzlicher Insekten und das Anpflanzen von bl\u00fchenden Hecken.<\/p>\t\t\t\t\t\t\t\t<\/div>\n\t\t\t\t<\/div>\n\t\t\t\t\t<\/div>\n\t\t\t\t<\/div>\n\t\t<div class=\"elementor-element elementor-element-8524865 e-flex e-con-boxed e-con e-child\" data-id=\"8524865\" data-element_type=\"container\" data-e-type=\"container\">\n\t\t\t\t\t<div class=\"e-con-inner\">\n\t\t\t\t<div class=\"elementor-element elementor-element-6b98c48 elementor-widget elementor-widget-image\" data-id=\"6b98c48\" data-element_type=\"widget\" data-e-type=\"widget\" data-widget_type=\"image.default\">\n\t\t\t\t<div class=\"elementor-widget-container\">\n\t\t\t\t\t\t\t\t\t\t\t\t\t\t\t<img loading=\"lazy\" decoding=\"async\" width=\"75\" height=\"89\" src=\"https:\/\/citricosecologicos.eu\/wp-content\/uploads\/2024\/05\/hoja.png\" class=\"attachment-full size-full wp-image-87209\" alt=\"hoja\" \/>\t\t\t\t\t\t\t\t\t\t\t\t\t\t\t<\/div>\n\t\t\t\t<\/div>\n\t\t\t\t<div class=\"elementor-element elementor-element-1187919 elementor-widget elementor-widget-the7-heading\" data-id=\"1187919\" data-element_type=\"widget\" data-e-type=\"widget\" data-widget_type=\"the7-heading.default\">\n\t\t\t\t<div class=\"elementor-widget-container\">\n\t\t\t\t\t<h4 class=\"the7-heading-title elementor-size-default\">Nutzung Sauberer Energie<\/h4>\t\t\t\t<\/div>\n\t\t\t\t<\/div>\n\t\t\t\t<div class=\"elementor-element elementor-element-630679c elementor-widget elementor-widget-text-editor\" data-id=\"630679c\" data-element_type=\"widget\" data-e-type=\"widget\" data-widget_type=\"text-editor.default\">\n\t\t\t\t<div class=\"elementor-widget-container\">\n\t\t\t\t\t\t\t\t\t<p>Der Hof ist <b>energieautark<\/b> und wird durch <b>schwimmende Photovoltaikmodule<\/b> betrieben. Wir haben dieses Energiesystem erfolgreich an die Bed\u00fcrfnisse des Hofes angepasst, um sicherzustellen, dass sowohl der landwirtschaftliche Betrieb als auch der t\u00e4gliche Energiebedarf des Bauernhauses vollst\u00e4ndig gedeckt sind. Die Module sind strategisch auf einem <b>schwimmenden Ponton im Reservoir<\/b> platziert.<\/p>\t\t\t\t\t\t\t\t<\/div>\n\t\t\t\t<\/div>\n\t\t\t\t\t<\/div>\n\t\t\t\t<\/div>\n\t\t<div class=\"elementor-element elementor-element-bf4956f e-flex e-con-boxed e-con e-child\" data-id=\"bf4956f\" data-element_type=\"container\" data-e-type=\"container\">\n\t\t\t\t\t<div class=\"e-con-inner\">\n\t\t\t\t<div class=\"elementor-element elementor-element-f96b177 elementor-widget elementor-widget-image\" data-id=\"f96b177\" data-element_type=\"widget\" data-e-type=\"widget\" data-widget_type=\"image.default\">\n\t\t\t\t<div class=\"elementor-widget-container\">\n\t\t\t\t\t\t\t\t\t\t\t\t\t\t\t<img loading=\"lazy\" decoding=\"async\" width=\"75\" height=\"89\" src=\"https:\/\/citricosecologicos.eu\/wp-content\/uploads\/2024\/05\/hoja.png\" class=\"attachment-full size-full wp-image-87209\" alt=\"hoja\" \/>\t\t\t\t\t\t\t\t\t\t\t\t\t\t\t<\/div>\n\t\t\t\t<\/div>\n\t\t\t\t<div class=\"elementor-element elementor-element-b85c416 elementor-widget elementor-widget-the7-heading\" data-id=\"b85c416\" data-element_type=\"widget\" data-e-type=\"widget\" data-widget_type=\"the7-heading.default\">\n\t\t\t\t<div class=\"elementor-widget-container\">\n\t\t\t\t\t<h4 class=\"the7-heading-title elementor-size-default\">Optimierung des Wasserverbrauchs<\/h4>\t\t\t\t<\/div>\n\t\t\t\t<\/div>\n\t\t\t\t<div class=\"elementor-element elementor-element-8537cf6 elementor-widget elementor-widget-text-editor\" data-id=\"8537cf6\" data-element_type=\"widget\" data-e-type=\"widget\" data-widget_type=\"text-editor.default\">\n\t\t\t\t<div class=\"elementor-widget-container\">\n\t\t\t\t\t\t\t\t\t<p>Durch <b>erh\u00f6hte Bew\u00e4sserungsleitungen<\/b> und <b>Regenwassersammelsysteme<\/b> erreichen wir eine maximale Optimierung der f\u00fcr den Anbau ben\u00f6tigten Wassermenge.<\/p>\t\t\t\t\t\t\t\t<\/div>\n\t\t\t\t<\/div>\n\t\t\t\t\t<\/div>\n\t\t\t\t<\/div>\n\t\t<div class=\"elementor-element elementor-element-13390c3 e-flex e-con-boxed e-con e-child\" data-id=\"13390c3\" data-element_type=\"container\" data-e-type=\"container\">\n\t\t\t\t\t<div class=\"e-con-inner\">\n\t\t\t\t<div class=\"elementor-element elementor-element-3af1b31 elementor-widget elementor-widget-image\" data-id=\"3af1b31\" data-element_type=\"widget\" data-e-type=\"widget\" data-widget_type=\"image.default\">\n\t\t\t\t<div class=\"elementor-widget-container\">\n\t\t\t\t\t\t\t\t\t\t\t\t\t\t\t<img loading=\"lazy\" decoding=\"async\" width=\"75\" height=\"89\" src=\"https:\/\/citricosecologicos.eu\/wp-content\/uploads\/2024\/05\/hoja.png\" class=\"attachment-full size-full wp-image-87209\" alt=\"hoja\" \/>\t\t\t\t\t\t\t\t\t\t\t\t\t\t\t<\/div>\n\t\t\t\t<\/div>\n\t\t\t\t<div class=\"elementor-element elementor-element-0dfe32b elementor-widget elementor-widget-the7-heading\" data-id=\"0dfe32b\" data-element_type=\"widget\" data-e-type=\"widget\" data-widget_type=\"the7-heading.default\">\n\t\t\t\t<div class=\"elementor-widget-container\">\n\t\t\t\t\t<h4 class=\"the7-heading-title elementor-size-default\">Biodynamischer Biologischer Anbau<\/h4>\t\t\t\t<\/div>\n\t\t\t\t<\/div>\n\t\t\t\t<div class=\"elementor-element elementor-element-21d4bfd elementor-widget elementor-widget-text-editor\" data-id=\"21d4bfd\" data-element_type=\"widget\" data-e-type=\"widget\" data-widget_type=\"text-editor.default\">\n\t\t\t\t<div class=\"elementor-widget-container\">\n\t\t\t\t\t\t\t\t\t<p>Die Anerkennung unserer gro\u00dfen Anstrengungen bei den von uns verwendeten nat\u00fcrlichen Produktionsmodellen erhalten wir durch die <b>Zertifizierung f\u00fcr BIODYNAMISCHEN Anbau<\/b>, die uns von <b>DEMETER SPANIEN<\/b> verliehen wurde. Diese Zertifizierung best\u00e4tigt das Fehlen genetisch ver\u00e4nderter Organismen und stellt sicher, dass die Lebensmittel von der Finca La Mollaneta mit <b>nat\u00fcrlichen Anbaumethoden<\/b> angebaut wurden, die sowohl die Umwelt als auch die Bodengesundheit und damit auch unsere eigene Gesundheit respektieren.<\/p>\t\t\t\t\t\t\t\t<\/div>\n\t\t\t\t<\/div>\n\t\t\t\t\t<\/div>\n\t\t\t\t<\/div>\n\t\t\t\t\t<\/div>\n\t\t\t\t<\/div>\n\t\t\t\t\t<\/div>\n\t\t\t\t<\/div>\n\t\t<div class=\"elementor-element elementor-element-8cb9bdc e-con-full e-flex e-con e-child\" data-id=\"8cb9bdc\" data-element_type=\"container\" data-e-type=\"container\">\n\t\t\t\t<div class=\"elementor-element elementor-element-549e888 elementor-widget-divider--view-line elementor-widget elementor-widget-divider\" data-id=\"549e888\" data-element_type=\"widget\" data-e-type=\"widget\" data-widget_type=\"divider.default\">\n\t\t\t\t<div class=\"elementor-widget-container\">\n\t\t\t\t\t\t\t<div class=\"elementor-divider\">\n\t\t\t<span class=\"elementor-divider-separator\">\n\t\t\t\t\t\t<\/span>\n\t\t<\/div>\n\t\t\t\t\t\t<\/div>\n\t\t\t\t<\/div>\n\t\t\t\t<\/div>\n\t\t\t\t<\/div>\n\t\t","protected":false},"excerpt":{"rendered":"<p>Die Bauernhof La Mollaneta ist ein Bio-Bauernhof in Elche (Alicante), sehr nah am Mittelmeer gelegen. Sie ist umgeben von einem Gebiet mit unschlagbaren Bedingungen f\u00fcr den Zitrusanbau. Der Hof befindet sich im Bezirk Torrellano Bajo und erstreckt sich \u00fcber 18 Hektar. Nach 40 Jahren Brachland wurde er 2019 von einem Einheimischen aus Elche mit einer&hellip;<\/p>\n","protected":false},"author":1,"featured_media":0,"parent":0,"menu_order":0,"comment_status":"closed","ping_status":"closed","template":"","meta":{"_monsterinsights_skip_tracking":false,"_monsterinsights_sitenote_active":false,"_monsterinsights_sitenote_note":"","_monsterinsights_sitenote_category":0,"_joinchat":[],"footnotes":""},"class_list":["post-88921","page","type-page","status-publish","hentry"],"yoast_head":"<!-- This site is optimized with the Yoast SEO plugin v27.5 - https:\/\/yoast.com\/product\/yoast-seo-wordpress\/ -->\n<title>\u00dcber Uns - C\u00edtricos Ecol\u00f3gicos<\/title>\n<meta name=\"robots\" content=\"index, follow, max-snippet:-1, max-image-preview:large, max-video-preview:-1\" \/>\n<link rel=\"canonical\" href=\"https:\/\/citricosecologicos.eu\/de\/ueber-uns\/\" \/>\n<meta property=\"og:locale\" content=\"de_DE\" \/>\n<meta property=\"og:type\" content=\"article\" \/>\n<meta property=\"og:title\" content=\"\u00dcber Uns - C\u00edtricos Ecol\u00f3gicos\" \/>\n<meta property=\"og:description\" content=\"Die Bauernhof La Mollaneta ist ein Bio-Bauernhof in Elche (Alicante), sehr nah am Mittelmeer gelegen. Sie ist umgeben von einem Gebiet mit unschlagbaren Bedingungen f\u00fcr den Zitrusanbau. Der Hof befindet sich im Bezirk Torrellano Bajo und erstreckt sich \u00fcber 18 Hektar. Nach 40 Jahren Brachland wurde er 2019 von einem Einheimischen aus Elche mit einer&hellip;\" \/>\n<meta property=\"og:url\" content=\"https:\/\/citricosecologicos.eu\/de\/ueber-uns\/\" \/>\n<meta property=\"og:site_name\" content=\"C\u00edtricos Ecol\u00f3gicos\" \/>\n<meta property=\"article:modified_time\" content=\"2025-07-14T15:15:18+00:00\" \/>\n<meta property=\"og:image\" content=\"https:\/\/citricosecologicos.eu\/wp-content\/uploads\/2024\/08\/Ecol-1296-scaled.jpg\" \/>\n<meta name=\"twitter:card\" content=\"summary_large_image\" \/>\n<meta name=\"twitter:label1\" content=\"Gesch\u00e4tzte Lesezeit\" \/>\n\t<meta name=\"twitter:data1\" content=\"5\u00a0Minuten\" \/>\n<script type=\"application\/ld+json\" class=\"yoast-schema-graph\">{\"@context\":\"https:\\\/\\\/schema.org\",\"@graph\":[{\"@type\":\"WebPage\",\"@id\":\"https:\\\/\\\/citricosecologicos.eu\\\/de\\\/ueber-uns\\\/\",\"url\":\"https:\\\/\\\/citricosecologicos.eu\\\/de\\\/ueber-uns\\\/\",\"name\":\"\u00dcber Uns - C\u00edtricos Ecol\u00f3gicos\",\"isPartOf\":{\"@id\":\"https:\\\/\\\/citricosecologicos.eu\\\/#website\"},\"primaryImageOfPage\":{\"@id\":\"https:\\\/\\\/citricosecologicos.eu\\\/de\\\/ueber-uns\\\/#primaryimage\"},\"image\":{\"@id\":\"https:\\\/\\\/citricosecologicos.eu\\\/de\\\/ueber-uns\\\/#primaryimage\"},\"thumbnailUrl\":\"https:\\\/\\\/citricosecologicos.eu\\\/wp-content\\\/uploads\\\/2024\\\/08\\\/Ecol-1296-scaled.jpg\",\"datePublished\":\"2024-03-07T08:38:35+00:00\",\"dateModified\":\"2025-07-14T15:15:18+00:00\",\"breadcrumb\":{\"@id\":\"https:\\\/\\\/citricosecologicos.eu\\\/de\\\/ueber-uns\\\/#breadcrumb\"},\"inLanguage\":\"de\",\"potentialAction\":[{\"@type\":\"ReadAction\",\"target\":[\"https:\\\/\\\/citricosecologicos.eu\\\/de\\\/ueber-uns\\\/\"]}]},{\"@type\":\"ImageObject\",\"inLanguage\":\"de\",\"@id\":\"https:\\\/\\\/citricosecologicos.eu\\\/de\\\/ueber-uns\\\/#primaryimage\",\"url\":\"https:\\\/\\\/citricosecologicos.eu\\\/wp-content\\\/uploads\\\/2024\\\/08\\\/Ecol-1296-scaled.jpg\",\"contentUrl\":\"https:\\\/\\\/citricosecologicos.eu\\\/wp-content\\\/uploads\\\/2024\\\/08\\\/Ecol-1296-scaled.jpg\"},{\"@type\":\"BreadcrumbList\",\"@id\":\"https:\\\/\\\/citricosecologicos.eu\\\/de\\\/ueber-uns\\\/#breadcrumb\",\"itemListElement\":[{\"@type\":\"ListItem\",\"position\":1,\"name\":\"Portada\",\"item\":\"https:\\\/\\\/citricosecologicos.eu\\\/\"},{\"@type\":\"ListItem\",\"position\":2,\"name\":\"\u00dcber Uns\"}]},{\"@type\":\"WebSite\",\"@id\":\"https:\\\/\\\/citricosecologicos.eu\\\/#website\",\"url\":\"https:\\\/\\\/citricosecologicos.eu\\\/\",\"name\":\"C\u00edtricos Ecol\u00f3gicos\",\"description\":\"\",\"publisher\":{\"@id\":\"https:\\\/\\\/citricosecologicos.eu\\\/#organization\"},\"potentialAction\":[{\"@type\":\"SearchAction\",\"target\":{\"@type\":\"EntryPoint\",\"urlTemplate\":\"https:\\\/\\\/citricosecologicos.eu\\\/?s={search_term_string}\"},\"query-input\":{\"@type\":\"PropertyValueSpecification\",\"valueRequired\":true,\"valueName\":\"search_term_string\"}}],\"inLanguage\":\"de\"},{\"@type\":\"Organization\",\"@id\":\"https:\\\/\\\/citricosecologicos.eu\\\/#organization\",\"name\":\"C\u00edtricos Ecol\u00f3gicos\",\"url\":\"https:\\\/\\\/citricosecologicos.eu\\\/\",\"logo\":{\"@type\":\"ImageObject\",\"inLanguage\":\"de\",\"@id\":\"https:\\\/\\\/citricosecologicos.eu\\\/#\\\/schema\\\/logo\\\/image\\\/\",\"url\":\"https:\\\/\\\/citricosecologicos.eu\\\/wp-content\\\/uploads\\\/2024\\\/05\\\/Mollaneta-logo-white.png\",\"contentUrl\":\"https:\\\/\\\/citricosecologicos.eu\\\/wp-content\\\/uploads\\\/2024\\\/05\\\/Mollaneta-logo-white.png\",\"width\":1571,\"height\":334,\"caption\":\"C\u00edtricos Ecol\u00f3gicos\"},\"image\":{\"@id\":\"https:\\\/\\\/citricosecologicos.eu\\\/#\\\/schema\\\/logo\\\/image\\\/\"}}]}<\/script>\n<!-- \/ Yoast SEO plugin. -->","yoast_head_json":{"title":"\u00dcber Uns - C\u00edtricos Ecol\u00f3gicos","robots":{"index":"index","follow":"follow","max-snippet":"max-snippet:-1","max-image-preview":"max-image-preview:large","max-video-preview":"max-video-preview:-1"},"canonical":"https:\/\/citricosecologicos.eu\/de\/ueber-uns\/","og_locale":"de_DE","og_type":"article","og_title":"\u00dcber Uns - C\u00edtricos Ecol\u00f3gicos","og_description":"Die Bauernhof La Mollaneta ist ein Bio-Bauernhof in Elche (Alicante), sehr nah am Mittelmeer gelegen. Sie ist umgeben von einem Gebiet mit unschlagbaren Bedingungen f\u00fcr den Zitrusanbau. Der Hof befindet sich im Bezirk Torrellano Bajo und erstreckt sich \u00fcber 18 Hektar. Nach 40 Jahren Brachland wurde er 2019 von einem Einheimischen aus Elche mit einer&hellip;","og_url":"https:\/\/citricosecologicos.eu\/de\/ueber-uns\/","og_site_name":"C\u00edtricos Ecol\u00f3gicos","article_modified_time":"2025-07-14T15:15:18+00:00","og_image":[{"url":"https:\/\/citricosecologicos.eu\/wp-content\/uploads\/2024\/08\/Ecol-1296-scaled.jpg","type":"","width":"","height":""}],"twitter_card":"summary_large_image","twitter_misc":{"Gesch\u00e4tzte Lesezeit":"5\u00a0Minuten"},"schema":{"@context":"https:\/\/schema.org","@graph":[{"@type":"WebPage","@id":"https:\/\/citricosecologicos.eu\/de\/ueber-uns\/","url":"https:\/\/citricosecologicos.eu\/de\/ueber-uns\/","name":"\u00dcber Uns - C\u00edtricos Ecol\u00f3gicos","isPartOf":{"@id":"https:\/\/citricosecologicos.eu\/#website"},"primaryImageOfPage":{"@id":"https:\/\/citricosecologicos.eu\/de\/ueber-uns\/#primaryimage"},"image":{"@id":"https:\/\/citricosecologicos.eu\/de\/ueber-uns\/#primaryimage"},"thumbnailUrl":"https:\/\/citricosecologicos.eu\/wp-content\/uploads\/2024\/08\/Ecol-1296-scaled.jpg","datePublished":"2024-03-07T08:38:35+00:00","dateModified":"2025-07-14T15:15:18+00:00","breadcrumb":{"@id":"https:\/\/citricosecologicos.eu\/de\/ueber-uns\/#breadcrumb"},"inLanguage":"de","potentialAction":[{"@type":"ReadAction","target":["https:\/\/citricosecologicos.eu\/de\/ueber-uns\/"]}]},{"@type":"ImageObject","inLanguage":"de","@id":"https:\/\/citricosecologicos.eu\/de\/ueber-uns\/#primaryimage","url":"https:\/\/citricosecologicos.eu\/wp-content\/uploads\/2024\/08\/Ecol-1296-scaled.jpg","contentUrl":"https:\/\/citricosecologicos.eu\/wp-content\/uploads\/2024\/08\/Ecol-1296-scaled.jpg"},{"@type":"BreadcrumbList","@id":"https:\/\/citricosecologicos.eu\/de\/ueber-uns\/#breadcrumb","itemListElement":[{"@type":"ListItem","position":1,"name":"Portada","item":"https:\/\/citricosecologicos.eu\/"},{"@type":"ListItem","position":2,"name":"\u00dcber Uns"}]},{"@type":"WebSite","@id":"https:\/\/citricosecologicos.eu\/#website","url":"https:\/\/citricosecologicos.eu\/","name":"C\u00edtricos Ecol\u00f3gicos","description":"","publisher":{"@id":"https:\/\/citricosecologicos.eu\/#organization"},"potentialAction":[{"@type":"SearchAction","target":{"@type":"EntryPoint","urlTemplate":"https:\/\/citricosecologicos.eu\/?s={search_term_string}"},"query-input":{"@type":"PropertyValueSpecification","valueRequired":true,"valueName":"search_term_string"}}],"inLanguage":"de"},{"@type":"Organization","@id":"https:\/\/citricosecologicos.eu\/#organization","name":"C\u00edtricos Ecol\u00f3gicos","url":"https:\/\/citricosecologicos.eu\/","logo":{"@type":"ImageObject","inLanguage":"de","@id":"https:\/\/citricosecologicos.eu\/#\/schema\/logo\/image\/","url":"https:\/\/citricosecologicos.eu\/wp-content\/uploads\/2024\/05\/Mollaneta-logo-white.png","contentUrl":"https:\/\/citricosecologicos.eu\/wp-content\/uploads\/2024\/05\/Mollaneta-logo-white.png","width":1571,"height":334,"caption":"C\u00edtricos Ecol\u00f3gicos"},"image":{"@id":"https:\/\/citricosecologicos.eu\/#\/schema\/logo\/image\/"}}]}},"_links":{"self":[{"href":"https:\/\/citricosecologicos.eu\/de\/wp-json\/wp\/v2\/pages\/88921","targetHints":{"allow":["GET"]}}],"collection":[{"href":"https:\/\/citricosecologicos.eu\/de\/wp-json\/wp\/v2\/pages"}],"about":[{"href":"https:\/\/citricosecologicos.eu\/de\/wp-json\/wp\/v2\/types\/page"}],"author":[{"embeddable":true,"href":"https:\/\/citricosecologicos.eu\/de\/wp-json\/wp\/v2\/users\/1"}],"replies":[{"embeddable":true,"href":"https:\/\/citricosecologicos.eu\/de\/wp-json\/wp\/v2\/comments?post=88921"}],"version-history":[{"count":3,"href":"https:\/\/citricosecologicos.eu\/de\/wp-json\/wp\/v2\/pages\/88921\/revisions"}],"predecessor-version":[{"id":88945,"href":"https:\/\/citricosecologicos.eu\/de\/wp-json\/wp\/v2\/pages\/88921\/revisions\/88945"}],"wp:attachment":[{"href":"https:\/\/citricosecologicos.eu\/de\/wp-json\/wp\/v2\/media?parent=88921"}],"curies":[{"name":"wp","href":"https:\/\/api.w.org\/{rel}","templated":true}]}}